{"id":273,"date":"2016-11-15T21:24:02","date_gmt":"2016-11-15T19:24:02","guid":{"rendered":"http:\/\/lissenzephalie.de\/?page_id=273"},"modified":"2025-08-06T21:56:45","modified_gmt":"2025-08-06T19:56:45","slug":"aktuelles","status":"publish","type":"page","link":"https:\/\/lissenzephalie.de\/","title":{"rendered":"Aktuelles"},"content":{"rendered":"\n<h2 class=\"wp-block-heading\"><strong>S<\/strong>ave-the-Date: 18.09.-20.09.2026 Elterntreffen 2026<\/h2>\n\n\n\n<p>Freitag, 18.09.2026, 15:00 Uhr bis Sonntag, 20.09.26, 12:00 Uhr<br \/><strong>Haus Neuland | Senner Hellweg 493 | 33689 Bielefeld<\/strong><\/p>\n\n\n\n<p>Eure <a href=\"https:\/\/lissenzephalie.de\/wp-content\/uploads\/2025\/06\/Anmeldebogen-HausNeuland2026.pdf\">Anmeldung<\/a> bitte bis zum <strong><u>31.10.2025<\/u><\/strong> an <a href=\"https:\/\/lissenzephalie.de\/?page_id=1324\" data-type=\"page\" data-id=\"1324\">Nedim Bayat<\/a> oder per <a href=\"mailto:nedim.bayat@lissenzephalie.de?subject=Elterntreffen 2026\">E-Mail<\/a> senden.<\/p>\n\n\n<div class=\"wp-block-image\">\n<figure class=\"aligncenter is-resized\"><a href=\"https:\/\/lissenzephalie.de\/wp-content\/uploads\/2025\/06\/Anmeldebogen-HausNeuland2026.pdf\"><img loading=\"lazy\" decoding=\"async\" width=\"201\" height=\"201\" src=\"https:\/\/lissenzephalie.de\/wp-content\/uploads\/2024\/01\/icio_pdf.jpeg\" alt=\"\" class=\"wp-image-1236\" style=\"width:133px;height:auto\" srcset=\"https:\/\/lissenzephalie.de\/wp-content\/uploads\/2024\/01\/icio_pdf.jpeg 201w, https:\/\/lissenzephalie.de\/wp-content\/uploads\/2024\/01\/icio_pdf-150x150.jpeg 150w, https:\/\/lissenzephalie.de\/wp-content\/uploads\/2024\/01\/icio_pdf-195x195.jpeg 195w, https:\/\/lissenzephalie.de\/wp-content\/uploads\/2024\/01\/icio_pdf-130x130.jpeg 130w, https:\/\/lissenzephalie.de\/wp-content\/uploads\/2024\/01\/icio_pdf-70x70.jpeg 70w, https:\/\/lissenzephalie.de\/wp-content\/uploads\/2024\/01\/icio_pdf-45x45.jpeg 45w\" sizes=\"auto, (max-width: 201px) 100vw, 201px\" \/><\/a><\/figure>\n<\/div>\n\n\n<hr class=\"wp-block-separator has-alpha-channel-opacity\"\/>\n\n\n\n<h2 class=\"wp-block-heading\">Einladung zur Mitgliederversammlung 2025<\/h2>\n\n\n\n<p>Liebe Mitgliederinnen, liebe Mitglieder,<br \/>zu unserer virtuellen ordentlichen Mitgliederversammlung laden wir herzlich ein:<\/p>\n\n\n\n<p>Samstag, 07.06.2025 beginnt ab 19:00 Uhr<\/p>\n\n\n\n<figure class=\"wp-block-image is-resized\"><img loading=\"lazy\" decoding=\"async\" width=\"315\" height=\"270\" src=\"https:\/\/lissenzephalie.de\/wp-content\/uploads\/2024\/09\/zoom_logo.jpeg\" alt=\"zoom\" class=\"wp-image-1273\" style=\"width:127px;height:auto\" srcset=\"https:\/\/lissenzephalie.de\/wp-content\/uploads\/2024\/09\/zoom_logo.jpeg 315w, https:\/\/lissenzephalie.de\/wp-content\/uploads\/2024\/09\/zoom_logo-300x257.jpeg 300w, https:\/\/lissenzephalie.de\/wp-content\/uploads\/2024\/09\/zoom_logo-195x167.jpeg 195w\" sizes=\"auto, (max-width: 315px) 100vw, 315px\" \/><\/figure>\n\n\n\n<p><strong>Tagesordnung<\/strong><br \/>TOP 1&nbsp;&nbsp;Formalia<br \/>TOP 2&nbsp;&nbsp;Bericht des Vorstandes<br \/>TOP 3&nbsp;&nbsp;Bericht des Kassenwartes<br \/>TOP 4&nbsp;&nbsp;Bericht der Kassenpr\u00fcfer<br \/>TOP 5&nbsp;&nbsp;Entlastung des Vorstandes f\u00fcr 2024<br \/>TOP 6&nbsp;&nbsp;Antr\u00e4ge<br \/>TOP 7&nbsp;&nbsp;Verschiedenes<\/p>\n\n\n\n<p><strong>Antr\u00e4ge bis zum 01.06.2025<\/strong> an <a href=\"https:\/\/lissenzephalie.de\/?page_id=1324\" data-type=\"page\" data-id=\"1324\">Nedim Bayat<\/a> oder per E-Mail senden.<\/p>\n\n\n\n<figure class=\"wp-block-table is-style-stripes\"><table class=\"has-fixed-layout\"><tbody><tr><td class=\"has-text-align-center\" data-align=\"center\">Janina Kaufmann<br \/>-Vorsitzende-&nbsp;<\/td><td class=\"has-text-align-center\" data-align=\"center\">Nedim Bayat<br \/>-Gesch\u00e4ftsf\u00fchrer\/Kassenwart-<\/td><\/tr><\/tbody><\/table><\/figure>\n\n\n\n<hr class=\"wp-block-separator has-alpha-channel-opacity\"\/>\n\n\n\n<h2 class=\"wp-block-heading\">Janina Kaufmann ist neue Vorsitzende von LISS e.V.<\/h2>\n\n\n\n<p>Im Rahmen unserer Mitgliederversammlung am 22.09.2024 in Erkner wurde Janina Kaufmann zur neuen Vorsitzenden unseres Vereins LISS e.V. gew\u00e4hlt. Sie l\u00f6st den langj\u00e4hrigen Vorsitzenden Burkhard Propf ab.<\/p>\n\n\n<div class=\"wp-block-image\">\n<figure class=\"aligncenter size-large is-resized\"><a href=\"https:\/\/lissenzephalie.de\/wp-content\/uploads\/2024\/11\/IMG_20240922_104051c.jpg\"><img loading=\"lazy\" decoding=\"async\" width=\"1024\" height=\"820\" src=\"https:\/\/lissenzephalie.de\/wp-content\/uploads\/2024\/11\/IMG_20240922_104051c-1024x820.jpg\" alt=\"\" class=\"wp-image-1319\" style=\"width:413px;height:auto\" srcset=\"https:\/\/lissenzephalie.de\/wp-content\/uploads\/2024\/11\/IMG_20240922_104051c-1024x820.jpg 1024w, https:\/\/lissenzephalie.de\/wp-content\/uploads\/2024\/11\/IMG_20240922_104051c-300x240.jpg 300w, https:\/\/lissenzephalie.de\/wp-content\/uploads\/2024\/11\/IMG_20240922_104051c-768x615.jpg 768w, https:\/\/lissenzephalie.de\/wp-content\/uploads\/2024\/11\/IMG_20240922_104051c-940x752.jpg 940w, https:\/\/lissenzephalie.de\/wp-content\/uploads\/2024\/11\/IMG_20240922_104051c-620x496.jpg 620w, https:\/\/lissenzephalie.de\/wp-content\/uploads\/2024\/11\/IMG_20240922_104051c-195x156.jpg 195w, https:\/\/lissenzephalie.de\/wp-content\/uploads\/2024\/11\/IMG_20240922_104051c.jpg 1112w\" sizes=\"auto, (max-width: 1024px) 100vw, 1024px\" \/><\/a><\/figure>\n<\/div>\n\n\n<p>Die Mitgliederversammlung und alle Anwesenden dankten Burkhard f\u00fcr seinen unerm\u00fcdlichen Einsatz zum Wohle aller Betroffenen. Unsere neue Vorsitzende \u00fcbergab ihm als Dankesch\u00f6n ein kleines Pr\u00e4sent. Burkhard wird dem Verein erhalten bleiben und steht uns weiterhin mit Rat und Tat zur Seite.<\/p>\n\n\n\n<p>Janina w\u00fcnschen wir viel Erfolg und vor allem viel Spa\u00df in der neuen Funktion. Die ersten wichtigen Entscheidungen stehen an.<br \/>Gero von Gersdorff als stellvertretender Vorsitzender und <br \/>Nedim Bayat als Gesch\u00e4ftsf\u00fchrer und Kassenwart wurden in ihren \u00c4mtern best\u00e4tigt.<\/p>\n\n\n\n<p>Unser neuer Vorstand (von linke: Nedim, Janina und Gero):<\/p>\n\n\n\n<figure class=\"wp-block-image size-large\"><a href=\"https:\/\/lissenzephalie.de\/wp-content\/uploads\/2024\/11\/IMG_20240922_110157a-scaled.jpg\"><img loading=\"lazy\" decoding=\"async\" width=\"1024\" height=\"591\" src=\"https:\/\/lissenzephalie.de\/wp-content\/uploads\/2024\/11\/IMG_20240922_110157a-1024x591.jpg\" alt=\"\" class=\"wp-image-1315\" srcset=\"https:\/\/lissenzephalie.de\/wp-content\/uploads\/2024\/11\/IMG_20240922_110157a-1024x591.jpg 1024w, https:\/\/lissenzephalie.de\/wp-content\/uploads\/2024\/11\/IMG_20240922_110157a-300x173.jpg 300w, https:\/\/lissenzephalie.de\/wp-content\/uploads\/2024\/11\/IMG_20240922_110157a-768x443.jpg 768w, https:\/\/lissenzephalie.de\/wp-content\/uploads\/2024\/11\/IMG_20240922_110157a-1536x886.jpg 1536w, https:\/\/lissenzephalie.de\/wp-content\/uploads\/2024\/11\/IMG_20240922_110157a-2048x1182.jpg 2048w, https:\/\/lissenzephalie.de\/wp-content\/uploads\/2024\/11\/IMG_20240922_110157a-940x542.jpg 940w, https:\/\/lissenzephalie.de\/wp-content\/uploads\/2024\/11\/IMG_20240922_110157a-620x358.jpg 620w, https:\/\/lissenzephalie.de\/wp-content\/uploads\/2024\/11\/IMG_20240922_110157a-195x113.jpg 195w, https:\/\/lissenzephalie.de\/wp-content\/uploads\/2024\/11\/IMG_20240922_110157a-542x312.jpg 542w\" sizes=\"auto, (max-width: 1024px) 100vw, 1024px\" \/><\/a><\/figure>\n\n\n\n<p>Die Eintragung in das Vereinsregister zieht sich etwas hin. Wir rechnen mit dem Abschluss zum Ende des Jahres 2024.<\/p>\n\n\n\n<hr class=\"wp-block-separator has-alpha-channel-opacity\"\/>\n\n\n\n<h2 class=\"wp-block-heading\">Mitgliederversammlung am 22.09.2024 um 09:00 Uhr<br \/>In Pr\u00e4senz und Online<\/h2>\n\n\n\n<p>Liebe Mitgliederinnen, liebe Mitglieder,<br \/>zu unserer ordentlichen Mitgliederversammlung laden wir herzlich ein.<br \/>Am: Sonntag, 22.09.2022 um 09:00 Uhr<br \/>Ort: <strong><a href=\"http:\/\/www.bz-erkner.com\">Bildungszentrum Erkner e.V.<\/a> <\/strong>in Erkner bei Berlin<br \/>Diese Mitgliederversammlung findet auch diesmal in Hybridform statt. Mitglieder, die nicht pers\u00f6nlich<br \/>erscheinen k\u00f6nnen, k\u00f6nnen sich \u00fcber die Zoom-Konferenz dazu schalten.<\/p>\n\n\n\n<p>Tagesordnung<br \/>TOP 1 Formalia<br \/>TOP 2 Bericht des Vorstandes<br \/>TOP 3 Bericht des Kassenwartes<br \/>TOP 4 Bericht der Kassenpr\u00fcfer<br \/>TOP 5 Entlastung des Vorstandes f\u00fcr 2022<br \/>TOP 6 Neuwahlen (Vorsitz, stv. Vorsitz, Kassenwart, Gesch\u00e4ftsf\u00fchrung, Kassenpr\u00fcfer)<br \/>TOP 7 Satzungs\u00e4nderungen<br \/>TOP 8 Antr\u00e4ge<br \/>TOP 9 Verschiedenes<br \/>Antr\u00e4ge sind bis zum 14.09.2024 per Brief an <a href=\"https:\/\/lissenzephalie.de\/?page_id=1324\">Nedim Bayat<\/a> oder per <a href=\"http:\/\/&quot;mailto:nedim.bayat@lissenzephalie.de?subject=Mitgliederversammlung 2024&quot;\">E-Mail<\/a> senden.<br \/>Beste Gr\u00fc\u00dfe<br \/>Burkhard Propf\u00a0\u00a0\u00a0\u00a0\u00a0\u00a0\u00a0\u00a0\u00a0\u00a0\u00a0\u00a0\u00a0\u00a0\u00a0\u00a0\u00a0\u00a0\u00a0\u00a0\u00a0\u00a0\u00a0\u00a0\u00a0\u00a0\u00a0\u00a0\u00a0\u00a0\u00a0\u00a0\u00a0\u00a0\u00a0\u00a0\u00a0\u00a0\u00a0\u00a0\u00a0\u00a0\u00a0\u00a0\u00a0\u00a0\u00a0\u00a0\u00a0\u00a0\u00a0\u00a0\u00a0\u00a0\u00a0\u00a0\u00a0\u00a0\u00a0\u00a0\u00a0\u00a0\u00a0\u00a0\u00a0\u00a0\u00a0\u00a0\u00a0\u00a0\u00a0\u00a0\u00a0\u00a0\u00a0\u00a0\u00a0\u00a0\u00a0\u00a0\u00a0\u00a0 Nedim Bayat<br \/>-Vorsitzender-\u00a0\u00a0\u00a0\u00a0\u00a0\u00a0\u00a0\u00a0\u00a0\u00a0\u00a0\u00a0\u00a0\u00a0\u00a0\u00a0\u00a0\u00a0\u00a0\u00a0\u00a0\u00a0\u00a0\u00a0\u00a0\u00a0\u00a0\u00a0\u00a0\u00a0\u00a0\u00a0\u00a0\u00a0\u00a0\u00a0\u00a0\u00a0\u00a0\u00a0\u00a0\u00a0\u00a0\u00a0\u00a0\u00a0\u00a0\u00a0\u00a0\u00a0\u00a0\u00a0\u00a0\u00a0\u00a0\u00a0\u00a0\u00a0\u00a0\u00a0\u00a0\u00a0\u00a0\u00a0\u00a0\u00a0\u00a0\u00a0\u00a0\u00a0\u00a0\u00a0\u00a0\u00a0\u00a0\u00a0\u00a0\u00a0\u00a0\u00a0\u00a0\u00a0\u00a0 -Gesch\u00e4ftsf\u00fchrer\/Kassenwart-<\/p>\n\n\n<div class=\"wp-block-image\">\n<figure class=\"aligncenter is-resized\"><a href=\"https:\/\/lissenzephalie.de\/wp-content\/uploads\/2024\/07\/Einladung-MV-2024-V0704.pdf\"><img loading=\"lazy\" decoding=\"async\" width=\"201\" height=\"201\" src=\"https:\/\/lissenzephalie.de\/wp-content\/uploads\/2024\/01\/icio_pdf.jpeg\" alt=\"\" class=\"wp-image-1236\" style=\"width:133px;height:auto\" srcset=\"https:\/\/lissenzephalie.de\/wp-content\/uploads\/2024\/01\/icio_pdf.jpeg 201w, https:\/\/lissenzephalie.de\/wp-content\/uploads\/2024\/01\/icio_pdf-150x150.jpeg 150w, https:\/\/lissenzephalie.de\/wp-content\/uploads\/2024\/01\/icio_pdf-195x195.jpeg 195w, https:\/\/lissenzephalie.de\/wp-content\/uploads\/2024\/01\/icio_pdf-130x130.jpeg 130w, https:\/\/lissenzephalie.de\/wp-content\/uploads\/2024\/01\/icio_pdf-70x70.jpeg 70w, https:\/\/lissenzephalie.de\/wp-content\/uploads\/2024\/01\/icio_pdf-45x45.jpeg 45w\" sizes=\"auto, (max-width: 201px) 100vw, 201px\" \/><\/a><\/figure>\n<\/div>\n\n\n<hr class=\"wp-block-separator has-alpha-channel-opacity\"\/>\n\n\n\n<h2 class=\"wp-block-heading\">Elterntreffen 2024 vom 20.9.- 22.09.2024 in Erkner bei Berlin \u2013 <br \/>Bitte jetzt anmelden!<\/h2>\n\n\n\n<h2 class=\"wp-block-heading\">Elterntreffen 2024 vom 20.9.- 22.09.2024 in Erkner bei Berlin \u2013 <br \/>Bitte jetzt anmelden!<\/h2>\n\n\n\n<p>Liebe Mitglieder, liebe Interessierte,<\/p>\n\n\n\n<p>es ist wieder soweit. Unser bereits angek\u00fcndigter Termin zum Elterntreffen ist gebucht. Aufgrund eurer positiven R\u00fcckmeldungen wieder im:<\/p>\n\n\n\n<p><strong><a href=\"http:\/\/www.bz-erkner.com\">Bildungszentrum Erkner e.V.<\/a> in Erkner bei Berlin<\/strong><\/p>\n\n\n\n<p>Neben dem Austausch miteinander und dem gem\u00fctlichen Teil, versuchen wir als Programm folgende Schwerpunkte zu setzen:<\/p>\n\n\n\n<ul class=\"wp-block-list\">\n<li>Humangenetik Uni Regensburg, Kinder- und Erwachsenenpsychotherapie, rechtsanwaltlicher Rat, Pflege, Hospiz Berliner Herz (Info \u00fcber M\u00f6glichkeiten)&nbsp; \u2026..<\/li>\n\n\n\n<li>Wir wollen diesmal noch mehr Zeit und Raum f\u00fcr den gemeinsamen Austausch geben.<\/li>\n\n\n\n<li>Solltet ihr noch einen Wunsch f\u00fcr das Programm haben, bitte schreibt es in Eure Anmeldung rein und ich versuche es zu organisieren.<\/li>\n<\/ul>\n\n\n\n<p><strong>Diesmal besteht die M\u00f6glichkeit, einen Tag vorher (also am 19.09.) anzureisen, damit es bei l\u00e4ngerer Anreise f\u00fcr unsere Kinder entspannter wird.<\/strong><\/p>\n\n\n\n<p>Wir werden wie immer die Kinderbetreuung organisieren. Falls ihr jedoch eine <strong>eigene Betreuung<\/strong> mitbringen m\u00f6chtet, teilt uns dies bitte mit. F\u00fcr diese Betreuung <strong>\u00fcbernehmen wir die Kosten<\/strong> f\u00fcr Unterkunft und Verpflegung w\u00e4hrend des gesamten Aufenthaltes.<\/p>\n\n\n\n<p>Eure <a href=\"https:\/\/lissenzephalie.de\/wp-content\/uploads\/2024\/01\/Anmeldebogen-Elterntreffen2024.pdf\">Anmeldungen<\/a> erwarten wir bis zum <strong><u>31.03.2024<\/u><\/strong> an meine <a href=\"https:\/\/lissenzephalie.de\/?page_id=1324\">Postadresse <\/a>oder per E-Mail.<\/p>\n\n\n<div class=\"wp-block-image\">\n<figure class=\"aligncenter is-resized\"><a href=\"https:\/\/lissenzephalie.de\/wp-content\/uploads\/2024\/01\/Anmeldebogen-Elterntreffen2024.pdf\"><img loading=\"lazy\" decoding=\"async\" width=\"201\" height=\"201\" src=\"https:\/\/lissenzephalie.de\/wp-content\/uploads\/2024\/01\/icio_pdf.jpeg\" alt=\"\" class=\"wp-image-1236\" style=\"width:133px;height:auto\" srcset=\"https:\/\/lissenzephalie.de\/wp-content\/uploads\/2024\/01\/icio_pdf.jpeg 201w, https:\/\/lissenzephalie.de\/wp-content\/uploads\/2024\/01\/icio_pdf-150x150.jpeg 150w, https:\/\/lissenzephalie.de\/wp-content\/uploads\/2024\/01\/icio_pdf-195x195.jpeg 195w, https:\/\/lissenzephalie.de\/wp-content\/uploads\/2024\/01\/icio_pdf-130x130.jpeg 130w, https:\/\/lissenzephalie.de\/wp-content\/uploads\/2024\/01\/icio_pdf-70x70.jpeg 70w, https:\/\/lissenzephalie.de\/wp-content\/uploads\/2024\/01\/icio_pdf-45x45.jpeg 45w\" sizes=\"auto, (max-width: 201px) 100vw, 201px\" \/><\/a><\/figure>\n<\/div>\n\n\n<p>Mit freundlichem Gru\u00df<br \/>Nedim Bayat (he\/him)<br \/><strong>LISS e.V.<\/strong><br \/>-Gesch\u00e4ftsf\u00fchrer-<br \/>Wir helfen Betroffenen! Unterst\u00fctzen Sie uns.<\/p>\n\n\n\n<hr class=\"wp-block-separator has-alpha-channel-opacity\"\/>\n\n\n\n<h2 class=\"wp-block-heading\" style=\"text-transform:none\">LISS e.V. ist Charity-Partner des <\/h2>\n\n\n<div class=\"wp-block-image\">\n<figure class=\"aligncenter\"><a href=\"https:\/\/www.bak07.de\/\"><img loading=\"lazy\" decoding=\"async\" width=\"300\" height=\"120\" src=\"https:\/\/lissenzephalie.de\/wp-content\/uploads\/2024\/01\/logobak07-web.png\" alt=\"\" class=\"wp-image-1239\" srcset=\"https:\/\/lissenzephalie.de\/wp-content\/uploads\/2024\/01\/logobak07-web.png 300w, https:\/\/lissenzephalie.de\/wp-content\/uploads\/2024\/01\/logobak07-web-195x78.png 195w\" sizes=\"auto, (max-width: 300px) 100vw, 300px\" \/><\/a><\/figure>\n<\/div>\n\n\n<p>Die erste Herrenmannschaft spielt in der Regionalliga Nordost. Das Team und der Verein sind stolz, uns und unsere Familien unterst\u00fctzen zu k\u00f6nnen. Als Zeichen tragen die Spieler die gesamte Saison das LISS-Logo auf den \u00c4rmeln der Trikots.<\/p>\n\n\n\n<p>Beim Heimspiel gegen Hertha BSC II haben beide Kapit\u00e4ne das LISS-Banner auf den Platz getragen und mit einem gemeinsamen Foto in der Mitte ihre Solidarit\u00e4t gezeigt. <strong>Danke an beide Teams!<\/strong><\/p>\n\n\n<div class=\"wp-block-image\">\n<figure class=\"aligncenter size-large is-resized\"><a href=\"https:\/\/lissenzephalie.de\/wp-content\/uploads\/2023\/08\/image-1.png\"><img loading=\"lazy\" decoding=\"async\" width=\"1024\" height=\"784\" src=\"https:\/\/lissenzephalie.de\/wp-content\/uploads\/2023\/08\/image-1-1024x784.png\" alt=\"\" class=\"wp-image-1163\" style=\"width:639px;height:489px\" srcset=\"https:\/\/lissenzephalie.de\/wp-content\/uploads\/2023\/08\/image-1-1024x784.png 1024w, https:\/\/lissenzephalie.de\/wp-content\/uploads\/2023\/08\/image-1-300x230.png 300w, https:\/\/lissenzephalie.de\/wp-content\/uploads\/2023\/08\/image-1-768x588.png 768w, https:\/\/lissenzephalie.de\/wp-content\/uploads\/2023\/08\/image-1-1536x1176.png 1536w, https:\/\/lissenzephalie.de\/wp-content\/uploads\/2023\/08\/image-1-940x720.png 940w, https:\/\/lissenzephalie.de\/wp-content\/uploads\/2023\/08\/image-1-620x475.png 620w, https:\/\/lissenzephalie.de\/wp-content\/uploads\/2023\/08\/image-1-195x149.png 195w, https:\/\/lissenzephalie.de\/wp-content\/uploads\/2023\/08\/image-1.png 2048w\" sizes=\"auto, (max-width: 1024px) 100vw, 1024px\" \/><\/a><\/figure>\n<\/div>\n\n<div class=\"wp-block-image\">\n<figure class=\"aligncenter size-full is-resized\"><a href=\"https:\/\/lissenzephalie.de\/wp-content\/uploads\/2023\/08\/image-6.png\"><img loading=\"lazy\" decoding=\"async\" width=\"555\" height=\"416\" src=\"https:\/\/lissenzephalie.de\/wp-content\/uploads\/2023\/08\/image-6.png\" alt=\"\" class=\"wp-image-1188\" style=\"width:640px;height:480px\" srcset=\"https:\/\/lissenzephalie.de\/wp-content\/uploads\/2023\/08\/image-6.png 555w, https:\/\/lissenzephalie.de\/wp-content\/uploads\/2023\/08\/image-6-300x225.png 300w, https:\/\/lissenzephalie.de\/wp-content\/uploads\/2023\/08\/image-6-195x146.png 195w\" sizes=\"auto, (max-width: 555px) 100vw, 555px\" \/><\/a><\/figure>\n<\/div>\n\n<div class=\"wp-block-image\">\n<figure class=\"aligncenter size-large is-resized\"><a href=\"https:\/\/lissenzephalie.de\/wp-content\/uploads\/2023\/08\/image-3.png\"><img loading=\"lazy\" decoding=\"async\" width=\"425\" height=\"910\" src=\"https:\/\/lissenzephalie.de\/wp-content\/uploads\/2024\/01\/image-3-edited.png\" alt=\"\" class=\"wp-image-1235\" style=\"width:415px;height:890px\" srcset=\"https:\/\/lissenzephalie.de\/wp-content\/uploads\/2024\/01\/image-3-edited.png 425w, https:\/\/lissenzephalie.de\/wp-content\/uploads\/2024\/01\/image-3-edited-140x300.png 140w, https:\/\/lissenzephalie.de\/wp-content\/uploads\/2024\/01\/image-3-edited-91x195.png 91w\" sizes=\"auto, (max-width: 425px) 100vw, 425px\" \/><\/a><\/figure>\n<\/div>\n\n\n<hr class=\"wp-block-separator has-alpha-channel-opacity\"\/>\n\n\n\n<h2 class=\"wp-block-heading\">Neue Logos f\u00fcr unsere Social Media Kan\u00e4le vom LISS e.V.<\/h2>\n\n\n\n<div class=\"wp-block-columns is-layout-flex wp-container-core-columns-is-layout-9d6595d7 wp-block-columns-is-layout-flex\">\n<div class=\"wp-block-column is-layout-flow wp-block-column-is-layout-flow\"><div class=\"wp-block-image\">\n<figure class=\"aligncenter size-grid_4\"><a href=\"https:\/\/lissenzephalie.de\/wp-content\/uploads\/2023\/08\/8926fa17-f4b4-4ae1-b061-4dbf313911b0.jpeg\"><img loading=\"lazy\" decoding=\"async\" width=\"320\" height=\"200\" src=\"https:\/\/lissenzephalie.de\/wp-content\/uploads\/2023\/08\/8926fa17-f4b4-4ae1-b061-4dbf313911b0-320x200.jpeg\" alt=\"\" class=\"wp-image-1166\" srcset=\"https:\/\/lissenzephalie.de\/wp-content\/uploads\/2023\/08\/8926fa17-f4b4-4ae1-b061-4dbf313911b0-320x200.jpeg 320w, https:\/\/lissenzephalie.de\/wp-content\/uploads\/2023\/08\/8926fa17-f4b4-4ae1-b061-4dbf313911b0-200x125.jpeg 200w, https:\/\/lissenzephalie.de\/wp-content\/uploads\/2023\/08\/8926fa17-f4b4-4ae1-b061-4dbf313911b0-240x150.jpeg 240w, https:\/\/lissenzephalie.de\/wp-content\/uploads\/2023\/08\/8926fa17-f4b4-4ae1-b061-4dbf313911b0-472x295.jpeg 472w\" sizes=\"auto, (max-width: 320px) 100vw, 320px\" \/><\/a><\/figure>\n<\/div><\/div>\n\n\n\n<div class=\"wp-block-column is-layout-flow wp-block-column-is-layout-flow\"><div class=\"wp-block-image\">\n<figure class=\"aligncenter size-full is-resized\"><a href=\"https:\/\/lissenzephalie.de\/wp-content\/uploads\/2023\/08\/b1d5b1ad-056c-445e-8627-c07c00e4a735.jpeg\"><img loading=\"lazy\" decoding=\"async\" width=\"350\" height=\"350\" src=\"https:\/\/lissenzephalie.de\/wp-content\/uploads\/2023\/08\/b1d5b1ad-056c-445e-8627-c07c00e4a735.jpeg\" alt=\"\" class=\"wp-image-1177\" style=\"width:313px;height:313px\" srcset=\"https:\/\/lissenzephalie.de\/wp-content\/uploads\/2023\/08\/b1d5b1ad-056c-445e-8627-c07c00e4a735.jpeg 350w, https:\/\/lissenzephalie.de\/wp-content\/uploads\/2023\/08\/b1d5b1ad-056c-445e-8627-c07c00e4a735-300x300.jpeg 300w, https:\/\/lissenzephalie.de\/wp-content\/uploads\/2023\/08\/b1d5b1ad-056c-445e-8627-c07c00e4a735-150x150.jpeg 150w, https:\/\/lissenzephalie.de\/wp-content\/uploads\/2023\/08\/b1d5b1ad-056c-445e-8627-c07c00e4a735-195x195.jpeg 195w, https:\/\/lissenzephalie.de\/wp-content\/uploads\/2023\/08\/b1d5b1ad-056c-445e-8627-c07c00e4a735-130x130.jpeg 130w, https:\/\/lissenzephalie.de\/wp-content\/uploads\/2023\/08\/b1d5b1ad-056c-445e-8627-c07c00e4a735-70x70.jpeg 70w, https:\/\/lissenzephalie.de\/wp-content\/uploads\/2023\/08\/b1d5b1ad-056c-445e-8627-c07c00e4a735-45x45.jpeg 45w\" sizes=\"auto, (max-width: 350px) 100vw, 350px\" \/><\/a><\/figure>\n<\/div><\/div>\n<\/div>\n\n\n\n<p>Seit einigen Tagen haben wir neue Logos f\u00fcr LISS e.V. und unsere Social Media Kan\u00e4le bei <a href=\"https:\/\/www.facebook.com\/Lissevkontakt\">Facebook <\/a>und <a href=\"https:\/\/www.instagram.com\/liss_lissenzephalie\/\">Instragram<\/a>. Unser Dank geht an Janina und im Besonderen an ihrer Schwester, die beide Logos gestaltet hat. <\/p>\n\n\n\n<hr class=\"wp-block-separator has-alpha-channel-opacity\"\/>\n\n\n\n<h2 class=\"wp-block-heading\" style=\"text-transform:none\">LISS Zoom-Treffen am 26.08.2023 ab 20:00 Uhr<\/h2>\n\n\n\n<p>Liebe LISS-Familie,<\/p>\n\n\n\n<p>es ist wieder soweit. Wir wollen uns am 26.08. ab 20:00 Uhr bei Zoom online treffen und uns lose austauschen. Wir freuen uns auf zahlreiche Teilnahmen. Gebt bitte allen Bescheid. Wer au\u00dferhalb dieses Verteilers teilnehmen m\u00f6chte, bitte an mich weiterleiten.<\/p>\n\n\n\n<p>Mit freundlichem Gru\u00df<br \/>Nedim Bayat (he\/him)<br \/><strong>LISS e.V.<\/strong><br \/>-Gesch\u00e4ftsf\u00fchrer-<br \/>Wir helfen Betroffenen! Unterst\u00fctzen Sie uns.<\/p>\n\n\n\n<hr class=\"wp-block-separator has-alpha-channel-opacity\"\/>\n\n\n\n<h2 class=\"wp-block-heading\" style=\"text-transform:none\">Treffen \u201eVerwaiste Eltern\u201c vom 13.10.-15.10.2023<\/h2>\n\n\n\n<p>Liebe LISS-Familie,<br \/><br \/>nun steht der Termin f\u00fcr unser Treffen der \u201eVerwaisten Eltern\u201c* fest, am 13.10.-15.10.2023 im Hotel Best Western in Lutherstadt Wittenberg. Wir m\u00f6chten ausschlie\u00dflich mit diesem Teil unserer Mitglieder zusammen sein und ihnen gezielt das Zusammengeh\u00f6rigkeitsgef\u00fchl geben.<br \/><br \/>Unser Mitglied Karin Kruschinski wird eine mentale Entspannung als Programmpunkt anbieten. Ansonsten ist das Miteinander vorrangiges Ziel dieses Treffens.<br \/><br \/>Bitte gebt mir sehr zeitnah Bescheid, ob und mit wieviel Personen (Namen angeben) ihr kommt. Antworten bitte mit E-Mail an <a href=\"mailto:nedim.bayat@lissenzephalie.de?subject=Verwaiste Eltern\">Nedim Bayat<\/a>.<br \/><br \/>*\u201eVerwaiste Eltern\u201c sind LISS-Eltern, deren Kinder im Himmel sind.<br \/>Danke und herzliche Gr\u00fc\u00dfe<\/p>\n\n\n\n<p>Mit freundlichem Gru\u00df<br \/>Nedim Bayat (he\/him)<br \/>LISS e.V.<br \/>-Gesch\u00e4ftsf\u00fchrer-<br \/>Wir helfen Betroffenen! Unterst\u00fctzen Sie uns.<\/p>\n\n\n\n<hr class=\"wp-block-separator has-alpha-channel-opacity\"\/>\n\n\n\n<h2 class=\"wp-block-heading\" style=\"text-transform:none\">LISS Zoom-Treffen am 28.05.2023 ab 20:00 Uhr<\/h2>\n\n\n\n<p>Liebe Mitglieder:innen,<\/p>\n\n\n\n<p>ich m\u00f6chte an unser gemeinsam vereinbartes Zoom-Treffen am 28.05. von 20:00 bis 21:30 Uhr erinnern.<br \/>Gebt bitte allen Bescheid. Wer au\u00dferhalb dieses Verteilers teilnehmen m\u00f6chte, bitte an mich weiterleiten.<br \/>Danke und herzliche Gr\u00fc\u00dfe<\/p>\n\n\n\n<p>Mit freundlichem Gru\u00df<br \/>Nedim Bayat (he\/him)<br \/><strong>LISS e.V.<\/strong><br \/>-Gesch\u00e4ftsf\u00fchrer-<br \/>Wir helfen Betroffenen! Unterst\u00fctzen Sie uns.<\/p>\n\n\n\n<hr class=\"wp-block-separator has-alpha-channel-opacity\"\/>\n\n\n\n<h2 class=\"wp-block-heading\">LISS Zoom-Treffen am 19.02.2023 ab 20:00 Uhr<\/h2>\n\n\n\n<p>Liebe Mitglieder:innen,<\/p>\n\n\n\n<p>wir m\u00f6chten gerne alle zusammenbringen und ein Zoom-Treffen durchf\u00fchren. Ziel ist ein Austausch, Wiedersehen untereinander. Wir haben kein Programm daf\u00fcr. Nur ein paar Informationen unsererseits, sonst liegt es an den Teilnehmenden, was und wie und wieviel. Also alles ganz frei.<\/p>\n\n\n\n<p>Es w\u00e4re trotzdem sehr sch\u00f6n, wenn viele sich einschalten. Wir wollen ein Zoom-Meeting ansetzen. Den Link bekommt ihr voraussichtlich Ende n\u00e4chster Woche.<\/p>\n\n\n\n<p>Gebt bitte allen Bescheid. Wer au\u00dferhalb dieses Verteilers teilnehmen m\u00f6chte, bitte an mich weiterleiten.<\/p>\n\n\n\n<p>Mit freundlichem Gru\u00df<br \/>Nedim Bayat (he\/him)<br \/><strong>LISS e.V.<\/strong><br \/>-Gesch\u00e4ftsf\u00fchrer-<br \/>Wir helfen Betroffenen! Unterst\u00fctzen Sie uns.<\/p>\n\n\n\n<hr class=\"wp-block-separator has-alpha-channel-opacity\"\/>\n\n\n\n<h2 class=\"wp-block-heading\">Bericht von Janina und Benjamin \u00fcber Leni Sophie&#8217;s Alltag<\/h2>\n\n\n\n<p><a rel=\"noreferrer noopener\" href=\"https:\/\/www.rtl.de\/cms\/lissenzephalie-mutter-ueber-den-alltag-mit-todkranker-tochter-mein-kind-ist-kein-monster-5028195.html\" data-type=\"URL\" data-id=\"https:\/\/www.rtl.de\/cms\/lissenzephalie-mutter-ueber-den-alltag-mit-todkranker-tochter-mein-kind-ist-kein-monster-5028195.html\" target=\"_blank\">Janina und Benjamin berichte \u00fcber ihren Alltag mit Leni Sophie und Lissenzephalie.<\/a><\/p>\n\n\n\n<hr class=\"wp-block-separator has-alpha-channel-opacity\"\/>\n\n\n\n<h2 class=\"wp-block-heading\">Elterntreffen 2022 in Erkner<\/h2>\n\n\n\n<p>Eine sehr sch\u00f6nes und informatives Wochenende ist zu Ende. Alle Beteiligten haben sich in intensiven Gespr\u00e4chen ausgetauscht und fortgebildet. Viele neue Bekanntschaften wurden geschlossen. Alle w\u00fcnschen sich eine Wiederholung, welches wir f\u00fcr 2024 planen.<\/p>\n\n\n\n<figure class=\"wp-block-image size-large\"><a href=\"https:\/\/lissenzephalie.de\/wp-content\/uploads\/2022\/08\/Gruppenfoto.jpg\"><img loading=\"lazy\" decoding=\"async\" width=\"1024\" height=\"576\" src=\"https:\/\/lissenzephalie.de\/wp-content\/uploads\/2022\/08\/Gruppenfoto-1024x576.jpg\" alt=\"\" class=\"wp-image-1039\" srcset=\"https:\/\/lissenzephalie.de\/wp-content\/uploads\/2022\/08\/Gruppenfoto-1024x576.jpg 1024w, https:\/\/lissenzephalie.de\/wp-content\/uploads\/2022\/08\/Gruppenfoto-300x169.jpg 300w, https:\/\/lissenzephalie.de\/wp-content\/uploads\/2022\/08\/Gruppenfoto-768x432.jpg 768w, https:\/\/lissenzephalie.de\/wp-content\/uploads\/2022\/08\/Gruppenfoto-940x528.jpg 940w, https:\/\/lissenzephalie.de\/wp-content\/uploads\/2022\/08\/Gruppenfoto-620x349.jpg 620w, https:\/\/lissenzephalie.de\/wp-content\/uploads\/2022\/08\/Gruppenfoto-195x110.jpg 195w, https:\/\/lissenzephalie.de\/wp-content\/uploads\/2022\/08\/Gruppenfoto.jpg 1334w\" sizes=\"auto, (max-width: 1024px) 100vw, 1024px\" \/><\/a><\/figure>\n\n\n\n<h2 class=\"wp-block-heading\">Fachvortrag &#8222;Rezessive TP73-Mutation verursacht einen neuen Lissenzephalie-Typ&#8220;<\/h2>\n\n\n\n<p>Herr Prof. Dr. med. Heymut Omran gab uns in seinem Vortrag die Erkenntnis weiter, dass fehlende\/unterentwickelte Flimmerh\u00e4rchen\/Zilien einen Hinweis auf einen neuen Lissenzephalie-Typ ergibt.<\/p>\n\n\n\n<div class=\"wp-block-columns is-layout-flex wp-container-core-columns-is-layout-9d6595d7 wp-block-columns-is-layout-flex\">\n<div class=\"wp-block-column is-layout-flow wp-block-column-is-layout-flow\" style=\"flex-basis:100%\">\n<div class=\"wp-block-columns is-layout-flex wp-container-core-columns-is-layout-9d6595d7 wp-block-columns-is-layout-flex\">\n<div class=\"wp-block-column is-layout-flow wp-block-column-is-layout-flow\" style=\"flex-basis:66.66%\">\n<p>Kontaktieren Sie gerne Herrn Prof. Dr. med. Heymut Omran, wenn Sie eine Untersuchung in dieser Richtung ben\u00f6tigen.<br \/><a href=\"mailto:Heymut.Omran@UKMuenster.de?subject=Untersuchung zur Rezessive TP73-Mutation von LISS e.V.\" data-type=\"mailto\" data-id=\"mailto:Heymut.Omran@UKMuenster.de\">E-Mail an Prof. Dr. med. Heymut Omran<\/a><br \/><a href=\"https:\/\/lissenzephalie.de\/wp-content\/uploads\/2022\/08\/TP73_Lissenzephalie_Heymut_k.pptx\">Vortrag zur TP73-Mutation<\/a><\/p>\n\n\n\n<p>Prof. Omran appelliert an Alle, f\u00fcr den kommenden Herbst\/Winter auf einen aktuellen Pneumokken\/Influenzaschutz zu achten, um m\u00f6gliche Beeintr\u00e4chtigungen zu reduzieren.<\/p>\n\n\n\n<p>Ein herzliches Dankesch\u00f6n von unserer Seite an Prof. Dr. Heymut Omran, dass er uns neue Erkenntnisse gegeben hat. Mit ihm haben wir nun einen weiteren Partner, der unseren Kindern und auch k\u00fcnftig Betroffenen sehr hilfreich ist.<\/p>\n<\/div>\n\n\n\n<div class=\"wp-block-column is-layout-flow wp-block-column-is-layout-flow\" style=\"flex-basis:33.33%\">\n<figure class=\"wp-block-image size-large\"><a href=\"https:\/\/lissenzephalie.de\/wp-content\/uploads\/2022\/08\/vortrag_omran-scaled.jpg\"><img loading=\"lazy\" decoding=\"async\" width=\"768\" height=\"1024\" src=\"https:\/\/lissenzephalie.de\/wp-content\/uploads\/2022\/08\/vortrag_omran-768x1024.jpg\" alt=\"\" class=\"wp-image-1032\" srcset=\"https:\/\/lissenzephalie.de\/wp-content\/uploads\/2022\/08\/vortrag_omran-768x1024.jpg 768w, https:\/\/lissenzephalie.de\/wp-content\/uploads\/2022\/08\/vortrag_omran-225x300.jpg 225w, https:\/\/lissenzephalie.de\/wp-content\/uploads\/2022\/08\/vortrag_omran-1152x1536.jpg 1152w, https:\/\/lissenzephalie.de\/wp-content\/uploads\/2022\/08\/vortrag_omran-1536x2048.jpg 1536w, https:\/\/lissenzephalie.de\/wp-content\/uploads\/2022\/08\/vortrag_omran-940x1253.jpg 940w, https:\/\/lissenzephalie.de\/wp-content\/uploads\/2022\/08\/vortrag_omran-620x827.jpg 620w, https:\/\/lissenzephalie.de\/wp-content\/uploads\/2022\/08\/vortrag_omran-146x195.jpg 146w, https:\/\/lissenzephalie.de\/wp-content\/uploads\/2022\/08\/vortrag_omran-scaled.jpg 1920w\" sizes=\"auto, (max-width: 768px) 100vw, 768px\" \/><\/a><figcaption class=\"wp-element-caption\">Prof. Dr. med. Heymut Omran<\/figcaption><\/figure>\n<\/div>\n<\/div>\n<\/div>\n<\/div>\n\n\n\n<h2 class=\"wp-block-heading\">Fachvortrag &#8222;Welche Leistungen stehen Eltern und deren Kinder zu?&#8220;<\/h2>\n\n\n\n<p>Vielen ist nicht bekannt, was sie an Unterst\u00fctzung erwarten k\u00f6nnen. Der Dschungel ist teilweise undurchdringbar. Valentin Bentele (Ethikreferent und Koordinator im ambulanten Kinderhospizdienst der Bj\u00f6rn Schulz Stiftung) hat uns in seinem Vortrag viele n\u00fctzliche Informationen und Tipps zum Thema geben k\u00f6nnen, so dass der Dschungel etwas gelichtet werden konnte und H\u00fcrden zuk\u00fcnftig besser gehandhabt werden k\u00f6nne. Vielen Dank daf\u00fcr.<\/p>\n\n\n\n<p>F\u00fcr Interessierte seine <a href=\"https:\/\/lissenzephalie.de\/wp-content\/uploads\/2022\/08\/Liss-Treffen-Fachvorrtag.pptx\">Pr\u00e4sentation<\/a> zum Nachschlagen und <a href=\"https:\/\/lissenzephalie.de\/wp-content\/uploads\/2022\/08\/000000_Verordnung_Muster_63_4_2009.pdf\">Verordnung spezialisierter ambulanter Palliativversorgung (SAPV)<\/a>.<\/p>\n\n\n\n<h2 class=\"wp-block-heading\">Fachvortrag &#8222;Stand der Studie zu Lissenzephalie&#8220;<\/h2>\n\n\n\n<p>Das Team der Universit\u00e4tsklinik Regensburg hat uns auf den aktuellen Stand zur Studie zu Lissenzephalie gebracht. Frau Prof. Dr. med. Ute Hehr, Frau Dr. med. Sofia St\u00fctz und Frau Dr. med. Jane Pr\u00f6pper ermuntern uns alle, die Fortf\u00fchrung der Studie zu begleiten, um die Forschung aktiv zu unterst\u00fctzen. Dazu nachfolgend die Dokumente zum Ausf\u00fcllen verwenden:<\/p>\n\n\n\n<ul class=\"wp-block-list\">\n<li><a href=\"https:\/\/lissenzephalie.de\/wp-content\/uploads\/2018\/09\/1_Lissenzephalie-Studie_Anschreiben.pdf\">Anschreiben<\/a><\/li>\n\n\n\n<li><a href=\"https:\/\/lissenzephalie.de\/wp-content\/uploads\/2018\/09\/2_Lissenzephalie-Studie_Fragebogen-f\u00fcr-\u00c4rzte.pdf\">Fragebogen f\u00fcr \u00c4rzte<\/a><\/li>\n\n\n\n<li><a href=\"https:\/\/lissenzephalie.de\/wp-content\/uploads\/2018\/09\/3_Lissenzephalie-Studie_Fragebogen-f\u00fcr-Familien.pdf\">Fragebogen f\u00fcr Familien<\/a><\/li>\n\n\n\n<li><a href=\"https:\/\/lissenzephalie.de\/wp-content\/uploads\/2018\/09\/4_Lissenzephalie-Studie_Epilepsiekalender.pdf\">Epilepsiekalender<\/a><\/li>\n\n\n\n<li><a href=\"https:\/\/lissenzephalie.de\/wp-content\/uploads\/2018\/09\/5_Lissenzephalie-Studie_Schweigepflichtsentbindung.pdf\">Schweigepflichtsentbindung<\/a><\/li>\n<\/ul>\n\n\n\n<p>Es gibt einen Online-Fragebogen, dessen Nutzung ist in Kl\u00e4rung und wird erneut thematisiert.<\/p>\n\n\n\n<p>Gibt es Verbesserungsvorschl\u00e4ge oder Anliegen zu den Frageb\u00f6gen? Dann jederzeit eine <a href=\"mailto:liss@humangenetik-regensburg.de?subject=Liss Studie\">E-Mail an das Studienteam<\/a>. Jede R\u00fcckmeldung von Ihnen, ob positiv oder negativ, hilft uns weiter.<br \/>Viele Gr\u00fc\u00dfe aus Regensburg vom Studienteam der LISS-Studie<\/p>\n\n\n\n<hr class=\"wp-block-separator has-alpha-channel-opacity\"\/>\n\n\n\n<h2 class=\"wp-block-heading\">Programm vom Elterntreffen 26.08.-28.08.2022 in Erkner<\/h2>\n\n\n\n<p class=\"has-black-color has-text-color\">Mitgliederversammlung findet ein Tag fr\u00fcher am 27.08.2022 ab 9:00 Uhr statt. <\/p>\n\n\n\n<div class=\"wp-block-group\"><div class=\"wp-block-group__inner-container is-layout-flow wp-block-group-is-layout-flow\">\n<div class=\"wp-block-group\"><div class=\"wp-block-group__inner-container is-layout-flow wp-block-group-is-layout-flow\">\n<figure class=\"wp-block-table is-style-stripes\"><table class=\"has-fixed-layout\"><tbody><tr><td><strong><mark style=\"background-color:rgba(0, 0, 0, 0)\" class=\"has-inline-color has-vivid-cyan-blue-color\">Freitag, 26.08.2022<\/mark><\/strong><\/td><td><\/td><td><\/td><\/tr><tr><td><strong>Anreise<br \/>Abendessen<br \/>Gemeinsamer Abend<\/strong><br \/><\/td><td>15:00 Uhr<br \/>18:00 \u2013 19:30 Uhr<br \/>20:00 Uhr<br \/><\/td><td><br \/>Restaurant<br \/>Bar \u201eBildungsl\u00fccke\u201c und Au\u00dfenterrasse<\/td><\/tr><tr><td><strong><mark style=\"background-color:rgba(0, 0, 0, 0)\" class=\"has-inline-color has-vivid-cyan-blue-color\">Samstag, 27.08.2022<\/mark><\/strong><\/td><td><\/td><td><\/td><\/tr><tr><td><strong>Fr\u00fchst\u00fcck<\/strong><br \/><strong>Begr\u00fc\u00dfung und Er\u00f6ffnung<\/strong><br \/><strong>Mitgliederversammlung<\/strong><br \/><br \/><strong>Kinderhospiz Berliner Herz<\/strong><br \/><em>Austausch und Fragerunde zum Thema Hospiz und Trauer<\/em><br \/><strong>Mittagessen<\/strong><br \/><strong>Frau Dr. Pr\u00f6pper und Team<\/strong><br \/>Klinik Regensburg<br \/><em>Videoschaltung zum Stand von Lissenzephalie<\/em><br \/><strong>Valentin Bentele<\/strong><br \/>Referent Bj\u00f6rn-Schulz-Stiftung<br \/><em>Austausch und Infos zum Thema \u201eWas steht den Eltern zu?\u201c<\/em><br \/><strong>Abendessen<\/strong><br \/><strong>Gem\u00fctliches Beisammensein<\/strong><\/td><td>07:00 \u2013 09:00 Uhr<br \/>09:00 Uhr<br \/>09:00 \u2013 11:00 Uhr<br \/><br \/>11:15 \u2013 12:30 Uhr<br \/><br \/><br \/>13:00 \u2013 14:00 Uhr<br \/>14:15 \u2013 15:15 Uhr<br \/><br \/><br \/><br \/>16:00 \u2013 17:30 Uhr<br \/><br \/><br \/><br \/>18:00 \u2013 19:30 Uhr<br \/>20:00 Uhr<\/td><td>Restaurant<br \/>Tagungssaal 046<br \/>Tagungssaal 046\/<br \/><strong>Zoom-Meeting<\/strong><br \/>Tagungssaal 046<br \/><br \/><br \/>Restaurant<br \/>Tagungssaal 046\/<br \/><strong>Zoom-Meeting<\/strong><br \/><br \/><br \/>Tagungssaal 046<br \/><br \/><br \/><br \/>Restaurant<br \/>Bar und Terrasse<\/td><\/tr><tr><td><strong><mark style=\"background-color:rgba(0, 0, 0, 0)\" class=\"has-inline-color has-vivid-cyan-blue-color\">Sonntag, 28.08.2022<\/mark><\/strong><\/td><td><\/td><td><\/td><\/tr><tr><td><strong>Fr\u00fchst\u00fcck <\/strong><br \/><em><strong>Herr Professor Omran<\/strong><\/em><br \/><em>Klinik f. Kinder u. Jugendmedizin &#8211; Allgemeine P\u00e4diatrie \u2013 M\u00fcnster<\/em><br \/><em>Vortrag und Diskussion<\/em><br \/><em>Studie und Aktuelles zum Thema Lissenzephalie<br \/>Anschlie\u00dfend Sprechstunde mit Prof. Omran \u2013 <mark style=\"background-color:rgba(0, 0, 0, 0)\" class=\"has-inline-color has-vivid-red-color\"><strong>Bedarf bitte bei Anreise mitteilen<\/strong>.<\/mark><\/em><br \/><strong>Valentin Bentele<\/strong><br \/>Referent Bj\u00f6rn-Schulz-Stiftung  <br \/><em>Fortsetzung zum Austausch und Infos zum Thema \u201eWas steht den Eltern zu?\u201c<\/em><br \/><strong>Mittagessen <\/strong><br \/><strong>Abreise <\/strong><\/td><td>07:00 \u2013 09:00 Uhr<br \/>09:00 &#8211; 11:00 Uhr<br \/><br \/><br \/><br \/><br \/><br \/><br \/><br \/><br \/>11:15 \u2013 12:00 Uhr<br \/><br \/><br \/><br \/><br \/>12:00 \u2013 13:00 Uhr<br \/>13:00 Uhr<\/td><td>Restaurant<br \/>Tagungssaal 046\/<br \/><strong>Zoom-Meeting<\/strong><br \/><br \/><br \/><br \/><br \/><br \/><br \/><br \/>Tagungssaal 046<br \/><br \/><br \/><br \/><br \/>Restaurant 046<br \/><\/td><\/tr><\/tbody><\/table><\/figure>\n<\/div><\/div>\n<\/div><\/div>\n\n\n\n<hr class=\"wp-block-separator has-alpha-channel-opacity\"\/>\n\n\n\n<div class=\"wp-block-columns has-2-columns is-layout-flex wp-container-core-columns-is-layout-9d6595d7 wp-block-columns-is-layout-flex\">\n<div class=\"wp-block-column is-layout-flow wp-block-column-is-layout-flow\">\n<h2 class=\"wp-block-heading has-black-color has-text-color\">Einladung zur Mitgliederversammlung am 27.08.2022 in Erkner in Pr\u00e4senz oder Videokonferenz<\/h2>\n\n\n\n<div class=\"wp-block-group is-vertical is-layout-flex wp-container-core-group-is-layout-8cf370e7 wp-block-group-is-layout-flex\">\n<p>Liebe Mitgliederinnen, liebe Mitglieder,<\/p>\n\n\n\n<p>zu unserer ordentlichen Mitgliederversammlung laden wir herzlich ein.<\/p>\n\n\n\n<figure class=\"wp-block-table\"><table class=\"has-black-color has-text-color\"><tbody><tr><td>Datum\/Uhrzeit           <\/td><td><strong><mark style=\"background-color:rgba(0, 0, 0, 0)\" class=\"has-inline-color has-vivid-red-color\">Samstag, 27.08.2022 von 09:00 &#8211; 11:00 Uhr<\/mark><\/strong><br \/><s>Sonntag, 28.08.2022 von 10:15 &#8211; 11:45 Uhr<\/s><\/td><\/tr><tr><td>Ort<\/td><td> Bildungszentrum Erkner e.V.<br \/> Seestra\u00dfe 39, 15537 Erkner<\/td><\/tr><\/tbody><\/table><\/figure>\n\n\n\n<p>Diese Mitgliederversammlung findet auch diesmal in einer Hybridform statt. Mitglieder, die nicht pers\u00f6nlich erscheinen k\u00f6nnen, ist es m\u00f6glich \u00fcber eine Videokonferenz teilzunehmen. <br \/>Nachfolgend der Link und Informationen:<\/p>\n\n\n\n<p><strong>Zoom-Meeting<\/strong><\/p>\n\n\n\n<p>Tagesordnung<\/p>\n\n\n\n<figure class=\"wp-block-table\"><table><tbody><tr><td>TOP 1<\/td><td class=\"has-text-align-left\" data-align=\"left\">Formalia<\/td><\/tr><tr><td>TOP 2&nbsp;&nbsp;&nbsp; <\/td><td class=\"has-text-align-left\" data-align=\"left\">Bericht des Vorstandes<\/td><\/tr><tr><td>TOP 3<\/td><td class=\"has-text-align-left\" data-align=\"left\">Bericht des Kassenwartes<\/td><\/tr><tr><td>TOP 4<\/td><td class=\"has-text-align-left\" data-align=\"left\">Bericht der Kassenpr\u00fcfer<\/td><\/tr><tr><td>TOP 5<\/td><td class=\"has-text-align-left\" data-align=\"left\">Entlastung des Vorstandes f\u00fcr 2021<\/td><\/tr><tr><td>TOP 6<\/td><td class=\"has-text-align-left\" data-align=\"left\">Antr\u00e4ge<\/td><\/tr><tr><td>TOP 7<\/td><td class=\"has-text-align-left\" data-align=\"left\">Verschiedenes<\/td><\/tr><\/tbody><\/table><\/figure>\n\n\n\n<p>Antr\u00e4ge sind bis zum 20.08.2022 per Brief an <a href=\"https:\/\/lissenzephalie.de\/?page_id=1324\">Nedim Bayat<\/a> oder per <a href=\"mailto:nedim.bayat@lissenzephalie.de?subject=Antrag zur Mitgliederversammlung 2022\">E-Mail<\/a> senden.<\/p>\n\n\n\n<p>Beste Gr\u00fc\u00dfe<\/p>\n\n\n\n<p>Gez.<\/p>\n\n\n\n<p>Burkhard Propf&nbsp;&nbsp;&nbsp;&nbsp;&nbsp;&nbsp;&nbsp;&nbsp;&nbsp;&nbsp;&nbsp;&nbsp;&nbsp;&nbsp;&nbsp;&nbsp;&nbsp;&nbsp;&nbsp;&nbsp;&nbsp;&nbsp;&nbsp;&nbsp;&nbsp;&nbsp;&nbsp;&nbsp;&nbsp;&nbsp;&nbsp;&nbsp;&nbsp;&nbsp;&nbsp;&nbsp;&nbsp;&nbsp;&nbsp;&nbsp;&nbsp;&nbsp;&nbsp;&nbsp;&nbsp;&nbsp;&nbsp;&nbsp;&nbsp;&nbsp;&nbsp;&nbsp;&nbsp;&nbsp;&nbsp;&nbsp;&nbsp;&nbsp;&nbsp;&nbsp;&nbsp;&nbsp;&nbsp;&nbsp;&nbsp;&nbsp;&nbsp;&nbsp;&nbsp;&nbsp;&nbsp;&nbsp;&nbsp;&nbsp;&nbsp;&nbsp;&nbsp;&nbsp;&nbsp;&nbsp;&nbsp;&nbsp; Nedim Bayat<br \/>-Vorsitzender-&nbsp;&nbsp;&nbsp;&nbsp;&nbsp;&nbsp;&nbsp;&nbsp;&nbsp;&nbsp;&nbsp;&nbsp;&nbsp;&nbsp;&nbsp;&nbsp;&nbsp;&nbsp;&nbsp;&nbsp;&nbsp;&nbsp;&nbsp;&nbsp;&nbsp;&nbsp;&nbsp;&nbsp;&nbsp;&nbsp;&nbsp;&nbsp;&nbsp;&nbsp;&nbsp;&nbsp;&nbsp;&nbsp;&nbsp;&nbsp;&nbsp;&nbsp;&nbsp;&nbsp;&nbsp;&nbsp;&nbsp;&nbsp;&nbsp;&nbsp;&nbsp;&nbsp;&nbsp;&nbsp;&nbsp;&nbsp;&nbsp;&nbsp;&nbsp;&nbsp;&nbsp;&nbsp;&nbsp;&nbsp;&nbsp;&nbsp;&nbsp;&nbsp;&nbsp;&nbsp;&nbsp;&nbsp;&nbsp;&nbsp;&nbsp;&nbsp;&nbsp;&nbsp;&nbsp;&nbsp;&nbsp;&nbsp;&nbsp; -Gesch\u00e4ftsf\u00fchrer\/Kassenwart-<\/p>\n<\/div>\n<\/div>\n<\/div>\n\n\n\n<hr class=\"wp-block-separator has-alpha-channel-opacity\"\/>\n\n\n\n<h2 class=\"wp-block-heading\">Mitgliederversammlung 2021 \u2013 Premiere Hybrid-Versammlung<\/h2>\n\n\n\n<p>Lange haben wir \u00fcberlegt, wie wir unsere diesj\u00e4hrige Mitgliederversammlung corona-konform abhalten k\u00f6nnen. Schlie\u00dflich haben wir uns auf eine Hybrid-Versammlung verst\u00e4ndigt. Diese Premiere fand am 02.10.2021 im Kongresshotel in Potsdam statt. Neben den pers\u00f6nlich erschienenen Mitgliedern haben sich einige Mitglieder per Videokonferenz dazugeschaltet.<\/p>\n\n\n\n<p>In den 2 Stunden Tagungszeit wurden folgende Ergebnisse erzielt:<\/p>\n\n\n\n<ol class=\"wp-block-list\">\n<li>Die Vorstands- und Vereinsarbeit war in den letzten beiden Jahren stark durch Corona eingeschr\u00e4nkt.<\/li>\n\n\n\n<li>Die Kasse wurde durch die beiden Kassenpr\u00fcfer gepr\u00fcft. Es gab keine Beanstandungen.<\/li>\n\n\n\n<li>Der Vorstand wurde f\u00fcr die Jahre 2019 und 2020 entlastet.<\/li>\n\n\n\n<li>Im Rahmen der satzungsgem\u00e4\u00dfen Neuwahlen wurden folgende Positionen (alle einstimmig!) gew\u00e4hlt:\n<ol class=\"wp-block-list\">\n<li>Vorsitzender<strong> Burkhard Propf<\/strong><\/li>\n\n\n\n<li>Vorsitzender <strong>Gero von Gersdorff<\/strong><br \/>Kassenwart und Gesch\u00e4ftsf\u00fchrer <strong>Nedim Bayat<\/strong><br \/>Kassenpr\u00fcfer <strong>Sven Wohlert, Konrad Pohlmann, Daniel Jan\u00dfen<\/strong><\/li>\n<\/ol>\n<\/li>\n\n\n\n<li>Aufgrund der Vorgaben des Finanzamtes haben wir eine \u00fcberarbeitete Satzung beschlossen. <br \/>Diese wird ver\u00f6ffentlicht, sobald der Eintrag im Vereinsregister erfolgt ist.<\/li>\n\n\n\n<li>Neue <a rel=\"noreferrer noopener\" href=\"https:\/\/lissenzephalie.de\/wp-content\/uploads\/2021\/10\/Beitragsordnung.pdf\" target=\"_blank\">Beitrags- und Geb\u00fchrenordnung <\/a>beschlossen.<\/li>\n\n\n\n<li>Elterntreffen 2021 findet in Hamburg statt. Genauer Termin wird abgestimmt und bekanntgegeben.<\/li>\n<\/ol>\n\n\n\n<p>Im Ergebnis sind wir sehr froh, eine Hybrid-Versammlung erfolgreich durchgef\u00fchrt zu haben. Vielen Dank an alle Beteiligten.<\/p>\n\n\n\n<p>F\u00fcr den Vorstand: Nedim Bayat<\/p>\n\n\n\n<hr class=\"wp-block-separator has-css-opacity\"\/>\n\n\n\n<h2 class=\"wp-block-heading\">Teilnahme an der Jahreshauptversammlung am 02.10.2021 ab 15:00 Uhr<\/h2>\n\n\n\n<p>Zur Teilnahme an der Jahreshauptversammlung verwenden wir Skype als Videokonferenz. Den folgenden Link bitte anklicken oder im Browser eintragen und im n\u00e4chsten Schritt die unterste Auswahl &#8222;An Unterhaltung teilnehmen&#8220; treffen. Beim Start bitte deinen Namen angeben. Die Nutzung der Kamera ist optional. Bei Wortmeldungen bitte das Mikrofon einschalten. Seid ab 15:00 Uhr dabei.<\/p>\n\n\n\n<hr class=\"wp-block-separator has-css-opacity\"\/>\n\n\n\n<h2 class=\"wp-block-heading\">Einladung zur Mitgliederversammlung am 02.10.2021 in Berlin<\/h2>\n\n\n\n<p>Liebe Mitgliederinnen, liebe Mitglieder,<br \/>zu unserer ordentlichen Mitgliederversammlung laden wir herzlich ein.<\/p>\n\n\n\n<p>Samstag dem 02.10.2021 um 15:00 Uhr in Berlin <br \/>(genaue Anschrift wird je nach Anzahl der Teilnehmenden kurzfristig bekanntgegeben)<\/p>\n\n\n\n<p>Diese Mitgliederversammlung findet aufgrund des Infektionsschutz in der Hybridform statt. <br \/>Mitglieder, die nicht pers\u00f6nlich erscheinen k\u00f6nnen, ist die Teilnahme \u00fcber eine Videokonferenz m\u00f6glich.<br \/>Der Link wird auf hier auf unserer Homepage vom LISS e.V. ver\u00f6ffentlicht.<\/p>\n\n\n\n<p class=\"has-text-align-left\"><span style=\"color: #000000;\">Wer pers\u00f6nlich in Berlin teilnehmen m\u00f6chte, teilt dies bitte bis zum 10.09.2021 an Nedim Bayat per Brief (Wiesenstr. 46, 13357 Berlin) oder <a style=\"color: #000000;\" href=\"mailto:nedim.bayat@lissenzephalie.de?subject=Anmeldung zur Mitgliederversammlung 2021 in Berlin\" rel=\"nofollow\">E-Mail<\/a> mit, damit eine passende Lokalit\u00e4t reserviert werden kann.<\/span><\/p>\n\n\n\n<p>Tagesordnung<br \/>TOP 1 &nbsp; Formalia<br \/>TOP 2 &nbsp; Bericht des Vorstandes<br \/>TOP 3 &nbsp; Bericht des Kassenwartes<br \/>TOP 4 &nbsp; Bericht der Kassenpr\u00fcfer<br \/>TOP 5&nbsp;&nbsp; Entlastung des Vorstandes f\u00fcr 2019 und 2020<br \/>TOP 6&nbsp;&nbsp; Wahl des Vorstandes (Vorsitz, 2. Vorsitz, Kassenwesen, Gesch\u00e4ftsf\u00fchrung)<br \/>TOP 7 &nbsp; Wahl von 2 Kassenpr\u00fcfer:innen<br \/>TOP 8 &nbsp; <a href=\"https:\/\/lissenzephalie.de\/wp-content\/uploads\/2021\/08\/Satzung-Liss-02-2021-Entwurf-Nach-FA-Korrektur.pdf\" target=\"_blank\" rel=\"noreferrer noopener nofollow\">Satzungs\u00e4nderung (siehe Anlage)<\/a><br \/>TOP 9&nbsp; &nbsp;<a href=\"https:\/\/lissenzephalie.de\/wp-content\/uploads\/2021\/08\/Beitragsordnung-2021-Entwurf.pdf\" target=\"_blank\" rel=\"noreferrer noopener nofollow\">Beschluss der Beitragsordnung (siehe Anlage)<\/a><br \/>TOP 10 Antr\u00e4ge<br \/>TOP 11 Verschiedenes<\/p>\n\n\n\n<p class=\"has-text-align-left\"><span style=\"color: #000000;\">Antr\u00e4ge sind bis zum 20.09.2021 an <a href=\"https:\/\/lissenzephalie.de\/?page_id=1324\" data-type=\"page\" data-id=\"1324\">Nedim Bayat<\/a> oder per <a href=\"mailto:nedim.bayat@lissenzephalie.de?subject=Antrag zur Mitgliederversammlung 2021\">E-Mail<\/a> zu senden.<br \/><\/span>Beste Gr\u00fc\u00dfe<\/p>\n\n\n\n<p>Burkhard Propf&nbsp;&nbsp;&nbsp;&nbsp;&nbsp;&nbsp;&nbsp;&nbsp;&nbsp;&nbsp;&nbsp;&nbsp;&nbsp;&nbsp;&nbsp;&nbsp;&nbsp;&nbsp;&nbsp;&nbsp;&nbsp;&nbsp;&nbsp;&nbsp;&nbsp;&nbsp;&nbsp;&nbsp;&nbsp;&nbsp;&nbsp;&nbsp;&nbsp;&nbsp;&nbsp;&nbsp;&nbsp;&nbsp;&nbsp;&nbsp;&nbsp;&nbsp;&nbsp;&nbsp;&nbsp;&nbsp;&nbsp;&nbsp;&nbsp;&nbsp;&nbsp;&nbsp;&nbsp;&nbsp;&nbsp;&nbsp;&nbsp;&nbsp;&nbsp;&nbsp;&nbsp;&nbsp;&nbsp;&nbsp;&nbsp;&nbsp;&nbsp;&nbsp;&nbsp;&nbsp;&nbsp;&nbsp;&nbsp;&nbsp;&nbsp;&nbsp;&nbsp;&nbsp;&nbsp;&nbsp;&nbsp;&nbsp; Nedim Bayat<br \/>-Vorsitzender-&nbsp;&nbsp;&nbsp;&nbsp;&nbsp;&nbsp;&nbsp;&nbsp;&nbsp;&nbsp;&nbsp;&nbsp;&nbsp;&nbsp;&nbsp;&nbsp;&nbsp;&nbsp;&nbsp;&nbsp;&nbsp;&nbsp;&nbsp;&nbsp;&nbsp;&nbsp;&nbsp;&nbsp;&nbsp;&nbsp;&nbsp;&nbsp;&nbsp;&nbsp;&nbsp;&nbsp;&nbsp;&nbsp;&nbsp;&nbsp;&nbsp;&nbsp;&nbsp;&nbsp;&nbsp;&nbsp;&nbsp;&nbsp;&nbsp;&nbsp;&nbsp;&nbsp;&nbsp;&nbsp;&nbsp;&nbsp;&nbsp;&nbsp;&nbsp;&nbsp;&nbsp;&nbsp;&nbsp;&nbsp;&nbsp;&nbsp;&nbsp;&nbsp;&nbsp;&nbsp;&nbsp;&nbsp;&nbsp;&nbsp;&nbsp;&nbsp;&nbsp;&nbsp;&nbsp;&nbsp;&nbsp;&nbsp;&nbsp; -Gesch\u00e4ftsf\u00fchrer\/Kassenwart-<\/p>\n\n\n\n<hr class=\"wp-block-separator has-alpha-channel-opacity\"\/>\n\n\n\n<h2 class=\"wp-block-heading\">Liss Studie<\/h2>\n\n\n\n<p><span class=\"\">Ein herzliches Gr\u00fc\u00dfgott aus Regensburg !<\/span><\/p>\n\n\n\n<p><span class=\"\">Vielen Dank f\u00fcr die vielen R\u00fcckmeldungen, die uns seit dem Elterntreffen im September 2019 erreicht haben! Es war sch\u00f6n, einige von Ihnen kennenzulernen und auch nach dem Treffen durch die Studienunterlagen wieder von Ihnen zu h\u00f6ren.<\/span><\/p>\n\n\n\n<p><span class=\"\">Wir freuen uns nat\u00fcrlich immer \u00fcber ausgef\u00fcllte Frageb\u00f6gen in unserer Post. Bei Bedarf gerne die folgenden Dokumente zum Ausf\u00fcllen verwenden:<\/span><\/p>\n\n\n\n<ul class=\"wp-block-list\">\n<li><a href=\"https:\/\/lissenzephalie.de\/wp-content\/uploads\/2018\/09\/1_Lissenzephalie-Studie_Anschreiben.pdf\">Anschreiben<\/a><\/li>\n\n\n\n<li><a href=\"https:\/\/lissenzephalie.de\/wp-content\/uploads\/2018\/09\/2_Lissenzephalie-Studie_Fragebogen-f\u00fcr-\u00c4rzte.pdf\">Fragebogen f\u00fcr \u00c4rzte<\/a><\/li>\n\n\n\n<li><a href=\"https:\/\/lissenzephalie.de\/wp-content\/uploads\/2018\/09\/3_Lissenzephalie-Studie_Fragebogen-f\u00fcr-Familien.pdf\">Fragebogen f\u00fcr Familien<\/a><\/li>\n\n\n\n<li><a href=\"https:\/\/lissenzephalie.de\/wp-content\/uploads\/2018\/09\/4_Lissenzephalie-Studie_Epilepsiekalender.pdf\">Epilepsiekalender<\/a><\/li>\n\n\n\n<li><a href=\"https:\/\/lissenzephalie.de\/wp-content\/uploads\/2018\/09\/5_Lissenzephalie-Studie_Schweigepflichtsentbindung.pdf\">Schweigepflichtsentbindung<\/a><\/li>\n<\/ul>\n\n\n\n<p><span class=\"\">Haben Sie vielleicht noch Verbesserungsvorschl\u00e4ge oder Anliegen zu den Frageb\u00f6gen? Dann melden Sie sich gerne jederzeit bei uns mit einer <a href=\"mailto:liss@humangenetik-regensburg.de?subject=Liss Studie\">E-Mail an das Studienteam<\/a>. Jede R\u00fcckmeldung von Ihnen, ob positiv oder negativ, hilft uns weiter.<\/span><\/p>\n\n\n\n<p><span class=\"\">&nbsp;<\/span><span class=\"\">Viele Gr\u00fc\u00dfe aus Regensburg vom Studienteam der LISS Studie<\/span><\/p>\n\n\n\n<hr class=\"wp-block-separator has-alpha-channel-opacity\"\/>\n\n\n\n<h2 class=\"wp-block-heading\">Erfolgreiches 9. Elterntreffen 2019 in M\u00f6hnesee<\/h2>\n\n\n\n<figure class=\"wp-block-image\"><a href=\"https:\/\/lissenzephalie.de\/wp-content\/uploads\/2019\/09\/Liss-Gruppenfoto-9-Elterntreffen.jpg\"><img loading=\"lazy\" decoding=\"async\" width=\"1024\" height=\"768\" src=\"https:\/\/lissenzephalie.de\/wp-content\/uploads\/2019\/09\/Liss-Gruppenfoto-9-Elterntreffen-1024x768.jpg\" alt=\"Liss Gruppenfoto 9 Elterntreffen\" class=\"wp-image-699\" srcset=\"https:\/\/lissenzephalie.de\/wp-content\/uploads\/2019\/09\/Liss-Gruppenfoto-9-Elterntreffen-1024x768.jpg 1024w, https:\/\/lissenzephalie.de\/wp-content\/uploads\/2019\/09\/Liss-Gruppenfoto-9-Elterntreffen-300x225.jpg 300w, https:\/\/lissenzephalie.de\/wp-content\/uploads\/2019\/09\/Liss-Gruppenfoto-9-Elterntreffen-768x576.jpg 768w, https:\/\/lissenzephalie.de\/wp-content\/uploads\/2019\/09\/Liss-Gruppenfoto-9-Elterntreffen-940x705.jpg 940w, https:\/\/lissenzephalie.de\/wp-content\/uploads\/2019\/09\/Liss-Gruppenfoto-9-Elterntreffen-620x465.jpg 620w, https:\/\/lissenzephalie.de\/wp-content\/uploads\/2019\/09\/Liss-Gruppenfoto-9-Elterntreffen-195x146.jpg 195w\" sizes=\"auto, (max-width: 1024px) 100vw, 1024px\" \/><\/a><figcaption class=\"wp-element-caption\">Elterntreffen 2019 in M\u00f6hnesee<\/figcaption><\/figure>\n\n\n\n<p>Viel Freude, Spa\u00df und vor allem neue Erkenntnisse haben die Teilnehmenden unseres 9. Elterntreffens vom 06.-08.09.2019 mitnehmen k\u00f6nnen. Neben den \u00fcberaus informativen Referaten von Herrn Dr. Geis und seinem Team von der Uni-Klinik Regensburg, sowie von Herrn Kahl, waren die Gelegenheiten zum pers\u00f6nlichen Austausch untereinander ein gro\u00dfer Erfolg f\u00fcr alle. Es wurde wieder deutlich, dass die Eltern unserer LISS-Kinder ein sehr breites Wissen zum Thema Lissenzephalie haben und diese bereitwillig zum Wohle aller weitergeben.<br \/>Das L\u00e4cheln in den Gesichtern aller Teilnehmenden gibt uns Motivation, diese Unterst\u00fctzung ohne Wenn und Aber fortzusetzen.<\/p>\n\n\n\n<p>Die Mitgliederversammlung am 08.09.2019 rundete das Programm ab. Hier haben wir Ideen ausgetauscht, wie wir uns k\u00fcnftig personell und \u00f6ffentlichkeitswirksam aufstellen wollen. Zudem haben wir Ma\u00dfnahmen f\u00fcr n\u00e4chstes Jahr &#8222;20 Jahre LISS e.V.&#8220; \u00fcberlegt.<br \/>Vielen Dank an alle, die zum Gelingen dieser Veranstaltung beigetragen haben.<\/p>\n\n\n\n<p>Nedim Bayat<br \/>Gesch\u00e4ftsf\u00fchrer<\/p>\n\n\n\n<hr class=\"wp-block-separator has-alpha-channel-opacity\"\/>\n\n\n\n<h2 class=\"wp-block-heading\">Programm zum 9. Elterntreffen vom 06. &#8211; 08.09.2019 in M\u00f6hnesee (G\u00fcnne)<\/h2>\n\n\n\n<p>Zur \u00dcbersicht zum Ablauf des Elterntreffens das Programm zum anschauen oder ausdrucken.<\/p>\n\n\n\n<p><a href=\"https:\/\/lissenzephalie.de\/wp-content\/uploads\/2019\/08\/Liss-Treffen-2019-Programm.pdf\">LISS-Treffen 2019 Programm<\/a><\/p>\n\n\n\n<hr class=\"wp-block-separator has-alpha-channel-opacity\"\/>\n\n\n\n<h2 class=\"wp-block-heading\">Einladung zur Mitgliederversammlung am 08.09.2019 in M\u00f6hnesee (G\u00fcnne)<\/h2>\n\n\n\n<p>Liebe Mitgliederinnen, liebe Mitglieder,<\/p>\n\n\n\n<p>zu unserer ordentlichen Mitgliederversammlung laden wir herzlich ein.<\/p>\n\n\n\n<p><a href=\"https:\/\/lissenzephalie.de\/wp-content\/uploads\/2019\/07\/Einladung-MV-2019.pdf\" target=\"_blank\" rel=\"noopener noreferrer\">Einladung zur Mitgliederversammlung<\/a><\/p>\n\n\n\n<p>Datum\/Uhrzeit: 08.09.2019 um 10:00 Uhr<br \/>Ort: Heinrich-L\u00fcbke-Haus, Zur Hude 9, 59519 M\u00f6hnesee-G\u00fcnne<\/p>\n\n\n\n<p>Tagesordnung<br \/>TOP 1&nbsp;&nbsp; Formalia<br \/>TOP 2&nbsp;&nbsp; Bericht des Vorstandes<br \/>TOP 3&nbsp;&nbsp; Bericht des Kassenwartes<br \/>TOP 4&nbsp;&nbsp; Bericht der Kassenpr\u00fcfer<br \/>TOP 5&nbsp;&nbsp; Entlastung des Vorstandes f\u00fcr 2018<br \/>TOP 6&nbsp;&nbsp; Wahl von 2 Kassenpr\u00fcferInnen<br \/>TOP 7&nbsp;&nbsp; Ausblick und Ideen<br \/>TOP 8&nbsp;&nbsp; Antr\u00e4ge<br \/>TOP 9&nbsp;&nbsp; Verschiedenes<\/p>\n\n\n\n<p>Antr\u00e4ge sind bis zum 16.08.2019 an <a href=\"https:\/\/lissenzephalie.de\/?page_id=1324\" data-type=\"page\" data-id=\"1324\">Nedim Bayat<\/a> oder per <a href=\"mailto:nedim.bayat@lissenzephalie.de?subject=Antrag zur Mitgliederversammlung 2019\">E-Mail<\/a> zu senden.<\/p>\n\n\n\n<p>Beste Gr\u00fc\u00dfe<\/p>\n\n\n\n<p>LISS e.V.<br \/>Nedim Bayat <br \/>-Gesch\u00e4ftsf\u00fchrer\/Kassenwart-<\/p>\n\n\n\n<hr class=\"wp-block-separator has-alpha-channel-opacity\"\/>\n\n\n\n<h2 class=\"wp-block-heading\">Klinische Studie zum Langzeitverlauf bei Lissenzephalie<\/h2>\n\n\n\n<p>Guten Tag Herr Propf,<\/p>\n\n\n\n<p>mein Name ist Sofia Sch\u00fctz, ich bin die aktuelle Doktorandin in der Lissenzephalie Studie bei Frau Prof. Dr. med. Hehr und wir haben uns in der Telefonkonferenz im Mai kurz &#8222;kennengelernt&#8220;.<\/p>\n\n\n\n<p>In der Konferenz hatten wir vereinbart, dass ich einen kurzen Text f\u00fcr die Homepage des LISS e.V. schreibe, in dem ich mich und die Studie kurz vorstelle. [&#8230;]<\/p>\n\n\n\n<p><a href=\"https:\/\/lissenzephalie.de\/wp-content\/uploads\/2019\/07\/Vorstellung-Liss.docx\" target=\"_blank\" rel=\"noopener noreferrer\">Vorstellungschreiben von Sofia Sch\u00fctz und Studie zur Lissenzephalie<\/a><\/p>\n\n\n\n<p>Die Kontaktdaten von Frau Sch\u00fctz lauten:<\/p>\n\n\n<div class=\"wp-block-image\">\n<figure class=\"alignright is-resized\"><a href=\"https:\/\/lissenzephalie.de\/wp-content\/uploads\/2019\/07\/Bild-Liss.jpg\"><img loading=\"lazy\" decoding=\"async\" width=\"278\" height=\"280\" src=\"https:\/\/lissenzephalie.de\/wp-content\/uploads\/2019\/07\/Bild-Liss.jpg\" alt=\"Bild von Sofia Sch\u00fctz\" class=\"wp-image-663\" style=\"width:268px;height:270px\" srcset=\"https:\/\/lissenzephalie.de\/wp-content\/uploads\/2019\/07\/Bild-Liss.jpg 278w, https:\/\/lissenzephalie.de\/wp-content\/uploads\/2019\/07\/Bild-Liss-150x150.jpg 150w, https:\/\/lissenzephalie.de\/wp-content\/uploads\/2019\/07\/Bild-Liss-195x195.jpg 195w, https:\/\/lissenzephalie.de\/wp-content\/uploads\/2019\/07\/Bild-Liss-130x130.jpg 130w, https:\/\/lissenzephalie.de\/wp-content\/uploads\/2019\/07\/Bild-Liss-70x70.jpg 70w, https:\/\/lissenzephalie.de\/wp-content\/uploads\/2019\/07\/Bild-Liss-45x45.jpg 45w\" sizes=\"auto, (max-width: 278px) 100vw, 278px\" \/><\/a><figcaption class=\"wp-element-caption\">Sofia Sch\u00fctz (Doktorandin) im Humangenetiklabor Hehr<\/figcaption><\/figure>\n<\/div>\n\n\n<p>Klinische Studie zum Langzeitverlauf bei Lissenzephalie<br \/>Humangenetiklabor Hehr<br \/>z. Hd. Sofia Sch\u00fctz, Doktorandin<br \/>Luitpoldstra\u00dfe 4<br \/>93047 Regensburg, Germany<br \/>Tel: &nbsp;+49 941 586 1330<br \/>Fax: +49 941 586 13329<br \/><a href=\"mailto:liss@humangenetik-regensburg.de?subject=Kontakt Liss e.V.\">liss@humangenetik-regensburg.de<\/a><br \/><a href=\"https:\/\/www.humangenetik-regensburg.de?subject=Kontakt Liss e.V.\" target=\"_blank\" rel=\"noopener noreferrer\" data-wplink-url-error=\"true\">www.humangenetik-regensburg.de<\/a><\/p>\n\n\n\n<p>Vielen Dank schon im Voraus f\u00fcr Ihre Bem\u00fchungen!<br \/>Viele Gr\u00fc\u00dfe,<br \/>Sofia Sch\u00fctz<\/p>\n\n\n\n<hr class=\"wp-block-separator has-alpha-channel-opacity\"\/>\n\n\n\n<h2 class=\"wp-block-heading\">Einzug der Mitgliedsbeitr\u00e4ge f\u00fcr 2019<\/h2>\n\n\n\n<p>Liebe LISS-Mitglieder,<\/p>\n\n\n\n<p>da wir in den letzten Monaten einige Schwierigkeiten bei der Umstellung unserer Bankzug\u00e4nge hatten, sind die erstellten Dauerauftr\u00e4ge f\u00fcr Lastschriften der Mitgliedsbeitr\u00e4ge verloren gegangen.<\/p>\n\n\n\n<p>Ich versuche sie zwar wieder herzustellen, bisher leider erfolglos. Aus diesem Grunde konnte ich bisher keine Mitgliedsbeitr\u00e4ge f\u00fcr 2019 einziehen. Ich werde dies hoffentlich in den n\u00e4chsten Wochen bis zu unserem Treffen in M\u00f6hnesee erledigt haben.<\/p>\n\n\n\n<p>Bitte schaut in Eure Konten, dass wir die Abbuchungen von 30,00 \u20ac durchf\u00fchren k\u00f6nnen, ohne das es zu R\u00fcckbelastungen kommt.<br \/><a href=\"mailto:nedim.bayat@lissenzephalie.de?subject=Neue Bankverbindung f\u00fcr Liss e.V.\">Falls sich eure Bankverbindung ge\u00e4ndert hat, teilt mir diese bitte umgehend mit.<\/a><\/p>\n\n\n\n<p>Herzlichen Dank und sommerliche Gr\u00fc\u00dfe<br \/>LISS e.V.<br \/>Nedim Bayat<br \/>-Gesch\u00e4ftsf\u00fchrer\/Kassenwart-<\/p>\n\n\n\n<hr class=\"wp-block-separator has-alpha-channel-opacity\"\/>\n\n\n\n<h2 class=\"wp-block-heading\">Gemeinsam f\u00fcr LISS e.V.<\/h2>\n\n\n\n<p>am 17.03.2019 fand im Tichelpark Cinema in Kleve eine Aktion f\u00fcr den LISS e.V. statt. &nbsp;Mit dem Motto Gemeinsam f\u00fcr LISS e.V. kamen fast 300 Zuschauer in das Kino. Gezeigt wurde eine Kurzfilmpremiere. Einen Tag hat das Team um Tobias Budde die Familie von Nora begleitet. Ihre Eltern sind Vereinsmitglieder beim LISS e.V..<\/p>\n\n\n\n<p><a href=\"https:\/\/www.waz.de\/staedte\/kleve-und-umland\/emotionaler-film-ueber-schwer-krankes-maedchen-aus-kranenburg-id216684599.html\" target=\"_blank\" rel=\"noopener noreferrer\">Emotionaler Film \u00fcber schwer krankes M\u00e4dchen aus Kranenburg<\/a><\/p>\n\n\n\n<p>Der Film gibt einen aktuellen Einblick in das Leben einer Familie mit einem Lissenzephalie erkrankten Kind.&nbsp; Der Film hat sehr ber\u00fchrt, und die Aussage von Noras Schwester Nele: Ohne mich schaffen meinen Eltern das nicht, sagt einiges \u00fcber die Belastungen aus.<\/p>\n\n\n\n<p>Vor der Vorf\u00fchrung hat die Kinder\u00e4rztin von Nora einiges \u00fcber die Erkrankung erz\u00e4hlt, so konnte der Zuschauer sich auf den Film einstellen.<\/p>\n\n\n\n<p>Nach dem <a href=\"https:\/\/rp-online.de\/nrw\/staedte\/kleve\/stadtgespraech\/journalisten-aus-kleve-drehen-kurzfilm-ueber-junge-lissenzephalie-patientin_aid-37030469\" target=\"_blank\" rel=\"noopener noreferrer\">Film<\/a> gab es eine Gespr\u00e4chsrunde mit den Eltern und dem 1. Vorsitzenden von LISS e.V., Burkhard Propf. Die Kinoeinnahmen wurden komplett den Verein LISS e.V. gespendet. Burkhard Propf wurde die Summe von 1375,- \u20ac \u00fcbergeben.<\/p>\n\n\n\n<p>Der Verein danke dem Kino, den Zuschauern und dem Filmteam. Im Anschluss gab es Live-Musik. Lukas Kesper (aktuell in der DSDS-Staffel zu sehen) brachte den Kinosaal zum applaudieren.<\/p>\n\n\n\n<p>Burkhard Propf<\/p>\n\n\n\n<hr class=\"wp-block-separator has-alpha-channel-opacity\"\/>\n\n\n\n<h2 class=\"wp-block-heading\">Das 9. Elterntreffen vom 06.09. &#8211; 08.09.2019 in M\u00f6hnesee (G\u00fcnne)<\/h2>\n\n\n\n<p>Es ist wieder soweit. Unser beliebtes Elterntreffen findet im <a href=\"https:\/\/www.heinrich-luebke-haus.de\/startseite\" target=\"_blank\" rel=\"noopener noreferrer\">Heinrich-L\u00fcbke-Haus in M\u00f6hnesee<\/a> statt. Anmeldungen sind ab sofort m\u00f6glich. Informationen k\u00f6nnen dem Anmeldebogen und Infoblatt entnommen werden.<\/p>\n\n\n\n<p><a href=\"https:\/\/lissenzephalie.de\/wp-content\/uploads\/2019\/01\/Liss-Treffen-Infoblatt.pdf\" target=\"_blank\" rel=\"noopener noreferrer\">Infoblatt zum 9. Elterntreffen<\/a><\/p>\n\n\n\n<p><a href=\"https:\/\/lissenzephalie.de\/wp-content\/uploads\/2019\/01\/M\u00f6hnesee-Anmeldeformular_2019.pdf\" target=\"_blank\" rel=\"noopener noreferrer\">Anmeldeformular zum 9. Elterntreffen<\/a><\/p>\n\n\n\n<hr class=\"wp-block-separator has-alpha-channel-opacity\"\/>\n\n\n\n<h2 class=\"wp-block-heading\">Vom Betroffenen zum Seelsorger<\/h2>\n\n\n\n<p><span lang=\"de-DE\">Vom 07.09. bis 09.09.2018 fand in <a rel=\"noopener noreferrer\" href=\"https:\/\/de.wikipedia.org\/wiki\/Waldbeuren\" target=\"_blank\">Waldbeuren<\/a> das Seminar <\/span>\u201e<span lang=\"de-DE\">Vom Betroffenen zum Seelsorger\u201c statt.<\/span> <\/p>\n\n\n\n<p>Eingeladen waren die die Eltern unserer verstorbenen LISS Kinder. Die Seminarleiterin Frau Daniela Segna-Gnant, eine Klinikseelsorgerin, f\u00fchrte die 9 Teilnehmer durch den Tag.<\/p>\n\n\n\n<p><span lang=\"de-DE\">Zentrale Themen an diesem Tag waren die eigene Trauerverarbeitung und wie die Wissenschaft Trauer erkl\u00e4rt. <\/span><span lang=\"de-DE\">Es ist ein gro\u00dfes Wissen \u00fcber den Alltag und Umgang mit der Lissenzephalie bei den Teilnehmern zu Ihren Kindern vorhanden. Dieses helfende Wissen wollen alle gerne an Interessierte weitergeben.<\/span><\/p>\n\n\n\n<p><span lang=\"de-DE\">Am Ende der Veranstaltung stand fest, das alle Teilnehmer zum n\u00e4chsten LISS Treffen in 2019 kommen werden. <\/span><\/p>\n\n\n\n<p><span lang=\"de-DE\">An dieser Stelle einen ausdr\u00fccklichen Dank an die AOK, die unsere Veranstaltung unterst\u00fctzt hat und dem <\/span><span lang=\"de-DE\">Organisationsteam, dass tolle Arbeit geleistet hat. Das <a href=\"https:\/\/www.landhotelaltemuehle.de\/\" target=\"_blank\" rel=\"noopener noreferrer\">Hotel Alte M\u00fchle<\/a> gab uns die n\u00f6tige Zeit, Ruhe und Raum. Die sehr gute Verpflegung war die Grundlagen f\u00fcr unsere erfolgreiche Veranstaltung.<\/span><\/p>\n\n\n\n<p><span lang=\"de-DE\">Besondere Erw\u00e4hnung zur Spende der Teilnehmer von 455 \u20ac an unseren Verein, Danke!<\/span><\/p>\n\n\n\n<p><span lang=\"de-DE\">Burkhard Propf (1.Vorsitzender und Teilnehmer)<\/span><\/p>\n\n\n\nngg_shortcode_0_placeholder\n\n\n\n<hr class=\"wp-block-separator has-alpha-channel-opacity\"\/>\n\n\n\n<h2 class=\"wp-block-heading\">Studie zu Lissenzephalie<\/h2>\n\n\n\n<p>Im Jahr 2017 wurde von Frau Dr. med. Jane Propper eine Doktorarbeit \u00fcber Lissenzephalie geschrieben. Viele betroffene Eltern haben bei dieser Doktorarbeit durch Studienfrageb\u00f6gen mitgewirkt. &#8222;Der Fokus dieser Studie liegt insbesondere auf der Therapie der Epilepsie und dem Langzeitverlauf der Lissenzephalie.&#8220; Diese Studie wird von Frau Lisa-Maria Schwarz weitergef\u00fchrt.<\/p>\n\n\n\n<p>Wir rufen alle betroffenen Eltern auf, &nbsp;bei dieser Studie mitzumachen.<br \/>Dazu bitte drucken sie sich folgende Unterlagen aus, <a href=\"https:\/\/lissenzephalie.de\/?attachment_id=385\">Anschreiben<\/a>, <a href=\"https:\/\/lissenzephalie.de\/?attachment_id=386\">Fragebogen f\u00fcr \u00c4rzte<\/a>, <a href=\"https:\/\/lissenzephalie.de\/?attachment_id=387\">Fragebogen f\u00fcr Familien<\/a>, <a href=\"https:\/\/lissenzephalie.de\/?attachment_id=388\">Epilepsiekalender<\/a> mit der <a href=\"https:\/\/lissenzephalie.de\/?attachment_id=389\">Schweigepflichtsentbindung<\/a> und schicken diese ausgef\u00fcllt an:<\/p>\n\n\n\n<p>Prof. Dr. med. Ute Hehr<br \/>Zentrum f\u00fcr Humangenetik Regensburg<br \/>Am Universit\u00e4tsklinikum D3<br \/>Franz-Josef-Strauss-Allee 11<br \/>93053 Regensburg<\/p>\n\n\n\n<p>Ihre Fragen stellen Sie bitte an <a href=\"mailto:Lisa-Maria.Schwarz@stud.uni-regensburg.de?subject=Fragen zur Studie zu Lissenzephalie\">Lisa-Maria Schwarz<\/a>.<\/p>\n\n\n\n<p>Das ist eine kurze Befragung, wir brauchen einfach viele Familien, die mitmachen. Nur so kann das Ergebnis aussagekr\u00e4ftiger werden. Die Doktorarbeit steht f\u00fcr interessierte Familien und \u00c4rzte zur Verf\u00fcgung. Bitte melden.<\/p>\n\n\n\n<hr class=\"wp-block-separator has-alpha-channel-opacity\"\/>\n\n\n\n<h2 class=\"wp-block-heading\">Mitgliederversammlung 2018<\/h2>\n\n\n\n<p>Die&nbsp; Mitgliederversammlung fand am Freitag, dem 24.08.2018 um 20:00 Uhr im <a href=\"https:\/\/www.marriott.de\/hotels\/travel\/berom-moxy-berlin-humboldthain-park\/\" target=\"_blank\" rel=\"noopener noreferrer\">MOXY Berlin, Humboldthain Park, Hochstr. 2-3, 13357 Berlin<\/a> statt.<\/p>\n\n\n\n<hr class=\"wp-block-separator has-alpha-channel-opacity\"\/>\n\n\n\n<h2 class=\"wp-block-heading\">Vom Betroffenen zum Seelsorger<\/h2>\n\n\n\n<p>Wir m\u00f6chten die Erfahrungen unserer sogenannten &#8222;verwaisten Eltern&#8220; nutzen, sie zur Unterst\u00fctzung f\u00fcr anderen Hilfesuchende gewinnen und qualifizieren.<\/p>\n\n\n\n<p>Aus diesem Grunde haben wir das Projekt &#8222;Vom Betroffenen zum Seelsorger&#8220; ins Leben gerufen.<br \/>Das Auftakttreffen findet vom 07.-09.09.2018 in der N\u00e4he vom Bodensee statt.<\/p>\n\n\n\n<p>Interessierte Personen melden sich bitte bei <a href=\"mailto:nedim.bayat@lissenzephalie.de?subject=Vom Betroffenen zum Seelsorger\">Nedim Bayat<\/a>. Das Projekt wird vom <a href=\"https:\/\/lissenzephalie.de\/?page_id=327\">AOK-Bundesverband GbR<\/a> unterst\u00fctzt. Hierf\u00fcr danken wir herzlich im Namen aller Betroffenen und Angeh\u00f6rigen.<\/p>\n\n\n\n<hr class=\"wp-block-separator has-alpha-channel-opacity\"\/>\n\n\n\n<h2 class=\"wp-block-heading\">F\u00f6rderung 2018<\/h2>\n\n\n\n<p>F\u00fcr das Jahr 2018 haben wir vom &#8222;<a href=\"https:\/\/lissenzephalie.de\/?page_id=327\">GKV &#8211; Gemeinschaftsf\u00f6rderung Selbsthilfe auf Bundesebene<\/a>&#8220; ein Betrag von 9.300,- \u20ac f\u00fcr unsere Vereinsarbeit zur Verf\u00fcgung gestellt. Wir sagen herzlichsten Danke im Namen aller Betroffenen.<\/p>\n\n\n\n<hr class=\"wp-block-separator has-alpha-channel-opacity\"\/>\n\n\n\n<h2 class=\"wp-block-heading\">Mitgliedsbeitr\u00e4ge f\u00fcr 2018<\/h2>\n\n\n\n<p>Liebe Mitglieder,<br \/>einigen ist es bereits aufgefallen, dass bei der Abbuchung der Mitgliedsbeitr\u00e4ge f\u00fcr 2018 es zu R\u00fcckbuchungen und somit unerw\u00fcnschten Zusatzkosten f\u00fcr die Mitglieder kam. Die Ursache liegt vermutlich an der Neu-Aufstellung der Betr\u00e4ge im Gesch\u00e4ftskonto. Wir bitte, die dadurch entstandenen Unannehmlichkeiten zu entschuldigen. Selbstverst\u00e4ndlich werden wir die zu Unrecht abgebuchten Kosten an die Mitglieder erstatten. Ich k\u00fcmmere mich Ende n\u00e4chster Woche darum.<br \/>Beste Gr\u00fc\u00dfe<br \/>Nedim Bayat<\/p>\n\n\n\n<hr class=\"wp-block-separator has-alpha-channel-opacity\"\/>\n\n\n\n<h2 class=\"wp-block-heading\">Webbasiertes Elternprogramm (WEP-CARE)<\/h2>\n\n\n\n<p>WEP-CARE wurde im Rahmen einer Studie am Universit\u00e4tsklinikum Ulm zur Verbesserung der psychischen Gesundheit von Eltern chronisch kranker Kinder entwickelt. Ziel ist die Unterst\u00fctzung der Eltern bei der Krankheits-\/Angstbew\u00e4ltigung, besonders bei einer Verschlechterung des Krankheitsverlaufs sowie die Steigerung des psychischen Wohlbefindens und der Lebensqualit\u00e4t der Eltern.<\/p>\n\n\n\n<p>WEP-CARE besch\u00e4ftigt sich ausdr\u00fccklich mit den Eltern im Mittelpunkt und deren Gedanken und Gef\u00fchle.<br \/><a href=\"https:\/\/www.uniklinik-ulm.de\/kinder-und-jugendpsychiatrie-psychosomatik-und-psychotherapie\/sektionen-und-arbeitsgruppen\/abgeschlossene-projekte-ag-psychotherapieforschung\/wep-care.html\">Informationen auf der Webseite der Universit\u00e4tsklinik Ulm<\/a><\/p>\n\n\n\n<hr class=\"wp-block-separator has-alpha-channel-opacity\"\/>\n\n\n\n<h2 class=\"wp-block-heading\">F\u00f6rderung 2017<\/h2>\n\n\n\n<p>Wir freuen uns sehr \u00fcber unsere F\u00f6rderer, dem <a href=\"https:\/\/lissenzephalie.de\/?page_id=327\">&#8222;GKV &#8211; Gemeinschaftsf\u00f6rderung Selbsthilfe auf Bundesebene&#8220;<\/a>. Insgesamt wurde uns f\u00fcr das Jahr 2017 ein Betrag von 9.000,- \u20ac f\u00fcr die Vereinsarbeit zur Verf\u00fcgung gestellt. Einen herzlichen Dank im Namen aller Betroffenen.<\/p>\n\n\n\n<hr class=\"wp-block-separator has-alpha-channel-opacity\"\/>\n\n\n\n<h2 class=\"wp-block-heading\">Das 8. Elterntreffen vom 08.09. &#8211; 10.09.2017 in M\u00f6hnesee (G\u00fcnne)<\/h2>\n\n\n\n<p>Vielen Dank an alle Teilnehmer f\u00fcr das zahlreiche Erscheinen und dem tollen Austausch zwischen den anwesenden Mitgliedern.<br \/>Erfreulicherweise konnten wir unser Elterntreffen in der bew\u00e4hrten Einrichtung im <a href=\"https:\/\/www.heinrich-luebke-haus.de\/startseite\" target=\"_blank\" rel=\"noopener noreferrer\">Heinrich-L\u00fcbke-Haus in M\u00f6hnesee (G\u00fcnne)<\/a> abhalten.<\/p>\n\n\n\n<p>Neben dem Austausch untereinander, waren mehrere Experten und Expertinnen vor Ort, um die neuesten Information zur Lissenzephalie weiter zu geben. Unsere Kinder wurden wieder bestens betreut. Daf\u00fcr hatten wir mehrere Betreuer und Betreuerinnen engagieren k\u00f6nnen.<\/p>\n\n\n\n<p><a href=\"https:\/\/lissenzephalie.de\/wp-content\/uploads\/2017\/01\/Liss-Treffen-Infoblatt.pdf\">Informationsflyer zum Elterntreffen<\/a><\/p>\n\n\n\n<hr class=\"wp-block-separator has-alpha-channel-opacity\"\/>\n\n\n\n<h2 class=\"wp-block-heading\">Jahreshauptversammlung&nbsp;im Rahmen des 8. Elterntreffen am 10.09.2017<\/h2>\n\n\n\n<p>Es waren alle Vereinsmitglieder zu unserer Jahreshauptversammlung am 09.09.2017 im Rahmen des Elterntreffen in M\u00f6hnesee (G\u00fcnne) eingeladen.<\/p>\n","protected":false},"excerpt":{"rendered":"<p>Save-the-Date: 18.09.-20.09.2026 Elterntreffen 2026 Freitag, 18.09.2026, 15:00 Uhr bis Sonntag, 20.09.26, 12:00 UhrHaus Neuland | Senner Hellweg 493 | 33689 Bielefeld Eure Anmeldung bitte bis zum 31.10.2025 an Nedim Bayat oder per E-Mail senden. Einladung zur Mitgliederversammlung 2025 Liebe Mitgliederinnen, liebe Mitglieder,zu unserer virtuellen ordentlichen Mitgliederversammlung laden wir herzlich ein: Samstag, 07.06.2025 beginnt ab 19:00 [&hellip;]<\/p>\n","protected":false},"author":1,"featured_media":0,"parent":0,"menu_order":0,"comment_status":"closed","ping_status":"closed","template":"","meta":{"ngg_post_thumbnail":0,"footnotes":""},"class_list":["post-273","page","type-page","status-publish","hentry"],"_links":{"self":[{"href":"https:\/\/lissenzephalie.de\/index.php?rest_route=\/wp\/v2\/pages\/273","targetHints":{"allow":["GET"]}}],"collection":[{"href":"https:\/\/lissenzephalie.de\/index.php?rest_route=\/wp\/v2\/pages"}],"about":[{"href":"https:\/\/lissenzephalie.de\/index.php?rest_route=\/wp\/v2\/types\/page"}],"author":[{"embeddable":true,"href":"https:\/\/lissenzephalie.de\/index.php?rest_route=\/wp\/v2\/users\/1"}],"replies":[{"embeddable":true,"href":"https:\/\/lissenzephalie.de\/index.php?rest_route=%2Fwp%2Fv2%2Fcomments&post=273"}],"version-history":[{"count":271,"href":"https:\/\/lissenzephalie.de\/index.php?rest_route=\/wp\/v2\/pages\/273\/revisions"}],"predecessor-version":[{"id":1406,"href":"https:\/\/lissenzephalie.de\/index.php?rest_route=\/wp\/v2\/pages\/273\/revisions\/1406"}],"wp:attachment":[{"href":"https:\/\/lissenzephalie.de\/index.php?rest_route=%2Fwp%2Fv2%2Fmedia&parent=273"}],"curies":[{"name":"wp","href":"https:\/\/api.w.org\/{rel}","templated":true}]}}